{"id":103887,"date":"2023-11-16T11:20:53","date_gmt":"2023-11-16T11:20:53","guid":{"rendered":"https:\/\/ebenezer-oe.org\/internationale-konferenz-2024\/"},"modified":"2024-10-03T16:42:44","modified_gmt":"2024-10-03T16:42:44","slug":"internationale-konferenz-2024","status":"publish","type":"page","link":"https:\/\/ebenezer-oe.org\/de\/internationale-konferenz-2024\/","title":{"rendered":"Internationale Konferenz 2024"},"content":{"rendered":"\n\n\t<p>Buchungen ab sofort m\u00f6glich!<\/p>\n\t<p>INTERNATIONALE EBENEZER KONFERENZ<\/p>\n<p>Jerusalem 17. &#8211; 22. November 2024<\/p>\n\t<p>Licht in der Dunkelheit<\/p>\n\t<p>\u201eMache dich auf, werde Licht! Denn dein Licht kommt, und die Herrlichkeit des Herrn geht auf \u00fcber dir! Denn siehe, Finsternis bedeckt die Erde und tiefes Dunkel die V\u00f6lker; aber \u00fcber dir geht auf der Herr, und seine Herrlichkeit erscheint \u00fcber dir.&#8220;<\/p>\n<p>Jesaja 60, 1-2<\/p>\n<p><strong>Wir laden Euch ein, bei unserer internationalen Konferenz in Jerusalem<\/strong> dabei zu sein. Das Thema ist \u201eLicht in der Dunkelheit&#8220;. Es wird eine einmalige Zeit sein, wenn wir aus vielen Nationen in der Stadt des gro\u00dfen K\u00f6nigs zusammenkommen.<\/p>\n<p>Als Mitwirkende in einem <i>Aliyah-Dienst<\/i> ist es wunderbar, dass wir jeden Tag mit unseren eigenen Augen sehen k\u00f6nnen, wie real Gottes Wort ist. <strong>Im Jahr 2022 halfen unsere Teams t\u00e4glich fast 50 j\u00fcdischen Menschen, nach Israel zur\u00fcckzukehren. Dies war nur durch Gottes Treue m\u00f6glich.<\/strong> Manche Christen sind verzweifelt \u00fcber all die negativen Nachrichten in der Welt und die scheinbar wachsende Dunkelheit, aber wir wollen daf\u00fcr danken, dass Gott uns bef\u00e4higt, andere weiterhin zu segnen.<\/p>\n<p>Wir werden Zeugnisse dar\u00fcber h\u00f6ren, wie Gott Gl\u00e4ubige von einem Ort der F\u00fcrbitte aus in Aktion ruft. Durch Bibellehre, Zeugnisse, Gebet und Gemeinschaft wollen wir dem Heiligen Geist erlauben, uns n\u00e4her zu Gott zu ziehen und unseren Glauben zu st\u00e4rken, damit wir ausger\u00fcstet sind, um siegreich zu stehen, wo immer Er uns eingesetzt hat.<\/p>\n<p>Unsere Hauptredner aus Asien, Israel und Europa werden dar\u00fcber sprechen, wie Gottes Wort der Wegweiser in Zeiten der Finsternis ist und wie wir sicher sein k\u00f6nnen, dass unser Engagement zum Segen Israels nicht vergeblich ist, sondern ewige Fr\u00fcchte zu Seiner Ehre tragen wird! <strong>Die Leitung von Ebenezer freut sich darauf, Euch in Zion zu treffen!<\/strong><\/p>\n\t\t\t\t<img decoding=\"async\" data-src=\"https:\/\/ebenezeroe.wpengine.com\/wp-content\/uploads\/2023\/05\/item_97480.png\" alt=\"item_97480\" itemprop=\"image\" title=\"item_97480\" onerror=\"this.style.display='none'\" src=\"data:image\/svg+xml;base64,PHN2ZyB3aWR0aD0iMSIgaGVpZ2h0PSIxIiB4bWxucz0iaHR0cDovL3d3dy53My5vcmcvMjAwMC9zdmciPjwvc3ZnPg==\" class=\"lazyload\" \/>\n\t<p>Shalom &amp; Gottes Segen<\/p>\n\t<p>Johannes Barthel<\/p>\n\t<p>UNTERKUNFT<\/p>\n\t<p>Die Veranstaltungen der Konferenz finden im Ramada Hotel statt. Es gibt aber mehrere Unterkunftsm\u00f6glichkeiten: <\/p>\n\t\t\t\t<img decoding=\"async\" data-src=\"https:\/\/ebenezeroe.wpengine.com\/wp-content\/uploads\/2023\/05\/Screenshot-2023-05-15-at-14.26.57.png\" alt=\"Screenshot 2023-05-15 at 14.26.57\" itemprop=\"image\" title=\"Screenshot 2023-05-15 at 14.26.57\" onerror=\"this.style.display='none'\" src=\"data:image\/svg+xml;base64,PHN2ZyB3aWR0aD0iMSIgaGVpZ2h0PSIxIiB4bWxucz0iaHR0cDovL3d3dy53My5vcmcvMjAwMC9zdmciPjwvc3ZnPg==\" class=\"lazyload\" \/>\n<p><strong>1. Findet Eure eigene Unterkunft<\/strong><\/p>\n<p>Konferenzgeb\u00fchr einschlie\u00dflich Mittagessen und Kaffeepausen f\u00fcr $480 \/ \u00a3380. Diese Option l\u00e4sst die Freiheit, jede beliebige \u00dcbernachtungsm\u00f6glichkeit in Jerusalem zu w\u00e4hlen.<\/p>\n<ul>\n\n<\/ul>\n<p><strong>2. Royal Hotel<\/strong><\/p>\n<p>3* Vollpension inklusive Konferenzgeb\u00fchr im Royal Hotel: $995 \/ \u00a3790 im Doppelzimmer oder $1445 \/ \u00a31.150 im Einzelzimmer: <\/p>\n<p><em>Royal Hotel Jerusalem 6 Ze&#8217;ev Vilnay Street Jerusalem, 91033, Israel<\/em><\/p>\n\t\t\t<a href=\"https:\/\/goo.gl\/maps\/fA3XP2H6d7ZU3kqFA\" target=\"_blank\" rel=\"noopener\">\n\t\t\t\t\t\t\tRoyal Hotel auf Google Maps \n\t\t\t\t\t<\/a>\n\t\t\t<a href=\"https:\/\/royaljerusalemhotel.com\" target=\"_blank\" rel=\"noopener\">\n\t\t\t\t\t\t\tRoyal Hotel Website\n\t\t\t\t\t<\/a>\n<strong>3. Ramada By Wyndham<\/strong><br \/>\n<br \/>\n4* Vollpension inklusive Konferenzgeb\u00fchr im Ramada Hotel: $1.200 \/ \u00a3955 im Doppelzimmer oder $1.825 \/ \u00a31450 im Einzelzimmer:\n<em>Ramada By Wyndham<br \/>\n6 Ze&#8217;ev Vilnay Street, Gesher Rupin, Jerusalem, 91033, Israel<\/em>\n\t\t\t<a href=\"https:\/\/goo.gl\/maps\/sW7jfviJety94Hf29\" target=\"_blank\" rel=\"noopener\">\n\t\t\t\t\t\t\tRamada Hotel auf Google maps \n\t\t\t\t\t<\/a>\n\t\t\t<a href=\"https:\/\/jerusalemramadahotel.com\/en\" target=\"_blank\" rel=\"noopener\">\n\t\t\t\t\t\t\tRamada Hotel Website\n\t\t\t\t\t<\/a>\n\t<p>Beide Hotels verf\u00fcgen \u00fcber die gleichen Freizeiteinrichtungen und befinden sich im selben Komplex. Sie sind nur wenige Gehminuten von der Knesset (israelisches Parlament), dem Obersten Gerichtshof, der Hebr\u00e4ischen Universit\u00e4t, dem Israel-Museum, dem Bible Lands Museum, dem Bloomfield Science Museum und dem zentralen Busbahnhof Jerusalems entfernt.<\/p>\n\t<p>PROGRAMM DER KONFERENZ<\/p>\n<p>F\u00fcr alle Hotelg\u00e4ste: Wir beginnen mit dem Abendessen am Sonntag, den 17. November, und enden mit dem Fr\u00fchst\u00fcck am Freitag, den 22. November. Die Konferenz selbst beginnt am Montagmorgen um 09.30 Uhr und der letzte Programmpunkt findet am Donnerstagabend statt.<\/p>\n<p><br \/>Das vollst\u00e4ndige Programm werden wir noch bekannt geben.<\/p>\n\t<p>WIE SIEHT ES MIT STORNIERUNGEN AUS?<\/p>\n\t<p>Seit dem COVID und dem 7. Oktober sind die Hotels in Israel bereit, R\u00fcckerstattungen zu gew\u00e4hren, falls sich die Situation bez\u00fcglich des Krieges \u00e4ndert. Wir hoffen, dass dies nicht notwendig sein wird, werden Sie aber auf dem Laufenden halten, falls sich etwas \u00e4ndert.<\/p>\n<p>&nbsp;<\/p>\n\t<p>REISEVERSICHERUNG<\/p>\n<p>Wir sind uns bewusst, dass viele Reiseversicherungsgesellschaften derzeit keine Reisen nach Israel abdecken. Uns wurde ein israelisches Unternehmen, SAR EL, empfohlen, das Krankenversicherungen f\u00fcr Touristen anbietet.<\/p>\n<p>Wenn Sie daran interessiert sind, mehr Informationen zu erhalten oder eine Versicherung bei diesem Anbieter abzuschlie\u00dfen, k\u00f6nnen Sie dies \u00fcber die Schaltfl\u00e4chen unten tun.<\/p>\n\t\t\t<a href=\"https:\/\/ebenezer-oe.org\/wp-content\/uploads\/2024\/05\/MEDICAL-INSURANCE-FOR-TOURISTS-IN-ISRAEL-Tour-care-summary-of-coverage-SAR-EL.pdf\" target=\"_blank\" rel=\"noopener\">\n\t\t\t\t\t\t\tErfahren Sie mehr \u00fcber die SAR EL Versicherung\n\t\t\t\t\t<\/a>\n\t\t\t<a href=\"https:\/\/forms.iforms.co.il\/Show_form\/5b2kb892\" target=\"_blank\" rel=\"noopener\">\n\t\t\t\t\t\t\tEinen Antrag \u00f6ffnen \n\t\t\t\t\t<\/a>\n\t<p>REISE<\/p>\n\t<p>Unser Team in Israel hat ein Reisedokument mit Anweisungen f\u00fcr die Reise vom Flughafen Ben Gurion zu den bereitgestellten Unterk\u00fcnften in den Hotels Royal und Ramada vorbereitet.<\/p>\n\t\t\t<a href=\"https:\/\/ebenezer-oe.org\/wp-content\/uploads\/2024\/10\/Directions-Tel-Aviv-Ben-Gurion-Airport-to-Hotel-1.pdf\" target=\"_blank\" rel=\"noopener\">\n\t\t\t\t\t\t\t Reiseanweisung\n\t\t\t\t\t<\/a>\n\t<p>BUCHUNG<\/p>\n<p>Die Anmeldung ist nur mit einer Anzahlung von 100 USD g\u00fcltig, die nicht zur\u00fcckerstattet werden kann (au\u00dfer bei Absage der Konferenz von unserer Seite). Die Restzahlung muss bis zum 15. August 2024 geleistet werden. <\/p>\n<p>Bei Anmeldungen nach dem 15. August 2024 vergewissert Euch, dass Zimmer verf\u00fcgbar sind vor Eurer Buchung.<\/p>\n\t\t\t<a href=\"https:\/\/docs.google.com\/forms\/d\/e\/1FAIpQLScUK9Ar7sw1-UMRTYsljoxse5JOrpjpReDiLGzSWCU26HuLDA\/viewform?usp=sf_link\" target=\"_blank\" rel=\"noopener\">\n\t\t\t\t\t\t\tBuchungsformular\n\t\t\t\t\t<\/a>\n\t<p>CONTACTKONTAKT<\/p>\n<p>Bei weiteren Fragen sendet uns gerne eine E-Mail an <a href=\"mailto:conference@ebenezer-oe.org\"><em>conference@ebenezer-oe.org<\/em><\/a><em>,<\/em> oder wendet Euch an das deutsche Ebenezer-B\u00fcro.<\/p>\n<p>&nbsp;<\/p>\n\n","protected":false},"excerpt":{"rendered":"<p>Buchungen ab sofort m\u00f6glich! INTERNATIONALE EBENEZER KONFERENZ Jerusalem 17. &#8211; 22. November 2024 Licht in der Dunkelheit \u201eMache dich auf, werde Licht! Denn dein Licht kommt, und die Herrlichkeit des Herrn geht auf \u00fcber dir! Denn siehe, Finsternis bedeckt die Erde und tiefes Dunkel die V\u00f6lker; aber \u00fcber dir geht auf der Herr, und seine&hellip;<\/p>\n","protected":false},"author":2,"featured_media":0,"parent":0,"menu_order":0,"comment_status":"closed","ping_status":"closed","template":"","meta":{"footnotes":""},"class_list":["post-103887","page","type-page","status-publish","hentry"],"yoast_head":"<!-- This site is optimized with the Yoast SEO plugin v27.4 - https:\/\/yoast.com\/product\/yoast-seo-wordpress\/ -->\n<title>Internationale Konferenz 2024 - Ebenezer Operation Exodus<\/title>\n<meta name=\"robots\" content=\"index, follow, max-snippet:-1, max-image-preview:large, max-video-preview:-1\" \/>\n<link rel=\"canonical\" href=\"https:\/\/ebenezer-oe.org\/de\/internationale-konferenz-2024\/\" \/>\n<meta property=\"og:locale\" content=\"de_DE\" \/>\n<meta property=\"og:type\" content=\"article\" \/>\n<meta property=\"og:title\" content=\"Internationale Konferenz 2024 - Ebenezer Operation Exodus\" \/>\n<meta property=\"og:description\" content=\"Buchungen ab sofort m\u00f6glich! INTERNATIONALE EBENEZER KONFERENZ Jerusalem 17. &#8211; 22. November 2024 Licht in der Dunkelheit \u201eMache dich auf, werde Licht! Denn dein Licht kommt, und die Herrlichkeit des Herrn geht auf \u00fcber dir! Denn siehe, Finsternis bedeckt die Erde und tiefes Dunkel die V\u00f6lker; aber \u00fcber dir geht auf der Herr, und seine&hellip;\" \/>\n<meta property=\"og:url\" content=\"https:\/\/ebenezer-oe.org\/de\/internationale-konferenz-2024\/\" \/>\n<meta property=\"og:site_name\" content=\"Ebenezer Operation Exodus\" \/>\n<meta property=\"article:publisher\" content=\"https:\/\/www.facebook.com\/EbenezerInt\" \/>\n<meta property=\"article:modified_time\" content=\"2024-10-03T16:42:44+00:00\" \/>\n<meta property=\"og:image\" content=\"https:\/\/ebenezeroe.wpengine.com\/wp-content\/uploads\/2023\/05\/item_97480.png\" \/>\n<meta name=\"twitter:card\" content=\"summary_large_image\" \/>\n<meta name=\"twitter:label1\" content=\"Gesch\u00e4tzte Lesezeit\" \/>\n\t<meta name=\"twitter:data1\" content=\"4 Minuten\" \/>\n<script type=\"application\/ld+json\" class=\"yoast-schema-graph\">{\"@context\":\"https:\\\/\\\/schema.org\",\"@graph\":[{\"@type\":\"WebPage\",\"@id\":\"https:\\\/\\\/ebenezer-oe.org\\\/de\\\/internationale-konferenz-2024\\\/\",\"url\":\"https:\\\/\\\/ebenezer-oe.org\\\/de\\\/internationale-konferenz-2024\\\/\",\"name\":\"Internationale Konferenz 2024 - Ebenezer Operation Exodus\",\"isPartOf\":{\"@id\":\"https:\\\/\\\/ebenezer-oe.org\\\/#website\"},\"primaryImageOfPage\":{\"@id\":\"https:\\\/\\\/ebenezer-oe.org\\\/de\\\/internationale-konferenz-2024\\\/#primaryimage\"},\"image\":{\"@id\":\"https:\\\/\\\/ebenezer-oe.org\\\/de\\\/internationale-konferenz-2024\\\/#primaryimage\"},\"thumbnailUrl\":\"https:\\\/\\\/ebenezeroe.wpengine.com\\\/wp-content\\\/uploads\\\/2023\\\/05\\\/item_97480.png\",\"datePublished\":\"2023-11-16T11:20:53+00:00\",\"dateModified\":\"2024-10-03T16:42:44+00:00\",\"breadcrumb\":{\"@id\":\"https:\\\/\\\/ebenezer-oe.org\\\/de\\\/internationale-konferenz-2024\\\/#breadcrumb\"},\"inLanguage\":\"de-DE\",\"potentialAction\":[{\"@type\":\"ReadAction\",\"target\":[\"https:\\\/\\\/ebenezer-oe.org\\\/de\\\/internationale-konferenz-2024\\\/\"]}]},{\"@type\":\"ImageObject\",\"inLanguage\":\"de-DE\",\"@id\":\"https:\\\/\\\/ebenezer-oe.org\\\/de\\\/internationale-konferenz-2024\\\/#primaryimage\",\"url\":\"https:\\\/\\\/ebenezeroe.wpengine.com\\\/wp-content\\\/uploads\\\/2023\\\/05\\\/item_97480.png\",\"contentUrl\":\"https:\\\/\\\/ebenezeroe.wpengine.com\\\/wp-content\\\/uploads\\\/2023\\\/05\\\/item_97480.png\"},{\"@type\":\"BreadcrumbList\",\"@id\":\"https:\\\/\\\/ebenezer-oe.org\\\/de\\\/internationale-konferenz-2024\\\/#breadcrumb\",\"itemListElement\":[{\"@type\":\"ListItem\",\"position\":1,\"name\":\"Home\",\"item\":\"https:\\\/\\\/ebenezer-oe.org\\\/de\\\/\"},{\"@type\":\"ListItem\",\"position\":2,\"name\":\"Internationale Konferenz 2024\"}]},{\"@type\":\"WebSite\",\"@id\":\"https:\\\/\\\/ebenezer-oe.org\\\/#website\",\"url\":\"https:\\\/\\\/ebenezer-oe.org\\\/\",\"name\":\"Ebenezer - Operation Exodus\",\"description\":\"\",\"publisher\":{\"@id\":\"https:\\\/\\\/ebenezer-oe.org\\\/#organization\"},\"potentialAction\":[{\"@type\":\"SearchAction\",\"target\":{\"@type\":\"EntryPoint\",\"urlTemplate\":\"https:\\\/\\\/ebenezer-oe.org\\\/?s={search_term_string}\"},\"query-input\":{\"@type\":\"PropertyValueSpecification\",\"valueRequired\":true,\"valueName\":\"search_term_string\"}}],\"inLanguage\":\"de-DE\"},{\"@type\":\"Organization\",\"@id\":\"https:\\\/\\\/ebenezer-oe.org\\\/#organization\",\"name\":\"Ebenezer - Operation Exodus\",\"url\":\"https:\\\/\\\/ebenezer-oe.org\\\/\",\"logo\":{\"@type\":\"ImageObject\",\"inLanguage\":\"de-DE\",\"@id\":\"https:\\\/\\\/ebenezer-oe.org\\\/#\\\/schema\\\/logo\\\/image\\\/\",\"url\":\"https:\\\/\\\/ebenezeroe.wpengine.com\\\/wp-content\\\/uploads\\\/2020\\\/09\\\/Logo_EOE_EN_Colour-Horizontal.png\",\"contentUrl\":\"https:\\\/\\\/ebenezeroe.wpengine.com\\\/wp-content\\\/uploads\\\/2020\\\/09\\\/Logo_EOE_EN_Colour-Horizontal.png\",\"width\":1922,\"height\":928,\"caption\":\"Ebenezer - Operation Exodus\"},\"image\":{\"@id\":\"https:\\\/\\\/ebenezer-oe.org\\\/#\\\/schema\\\/logo\\\/image\\\/\"},\"sameAs\":[\"https:\\\/\\\/www.facebook.com\\\/EbenezerInt\",\"https:\\\/\\\/www.instagram.com\\\/ebenezer_oe_eng\\\/\",\"https:\\\/\\\/www.youtube.com\\\/channel\\\/UC6qGHrKKeamFVz95Vd8LR1g\"]}]}<\/script>\n<!-- \/ Yoast SEO plugin. -->","yoast_head_json":{"title":"Internationale Konferenz 2024 - Ebenezer Operation Exodus","robots":{"index":"index","follow":"follow","max-snippet":"max-snippet:-1","max-image-preview":"max-image-preview:large","max-video-preview":"max-video-preview:-1"},"canonical":"https:\/\/ebenezer-oe.org\/de\/internationale-konferenz-2024\/","og_locale":"de_DE","og_type":"article","og_title":"Internationale Konferenz 2024 - Ebenezer Operation Exodus","og_description":"Buchungen ab sofort m\u00f6glich! INTERNATIONALE EBENEZER KONFERENZ Jerusalem 17. &#8211; 22. November 2024 Licht in der Dunkelheit \u201eMache dich auf, werde Licht! Denn dein Licht kommt, und die Herrlichkeit des Herrn geht auf \u00fcber dir! Denn siehe, Finsternis bedeckt die Erde und tiefes Dunkel die V\u00f6lker; aber \u00fcber dir geht auf der Herr, und seine&hellip;","og_url":"https:\/\/ebenezer-oe.org\/de\/internationale-konferenz-2024\/","og_site_name":"Ebenezer Operation Exodus","article_publisher":"https:\/\/www.facebook.com\/EbenezerInt","article_modified_time":"2024-10-03T16:42:44+00:00","og_image":[{"url":"https:\/\/ebenezeroe.wpengine.com\/wp-content\/uploads\/2023\/05\/item_97480.png","type":"","width":"","height":""}],"twitter_card":"summary_large_image","twitter_misc":{"Gesch\u00e4tzte Lesezeit":"4 Minuten"},"schema":{"@context":"https:\/\/schema.org","@graph":[{"@type":"WebPage","@id":"https:\/\/ebenezer-oe.org\/de\/internationale-konferenz-2024\/","url":"https:\/\/ebenezer-oe.org\/de\/internationale-konferenz-2024\/","name":"Internationale Konferenz 2024 - Ebenezer Operation Exodus","isPartOf":{"@id":"https:\/\/ebenezer-oe.org\/#website"},"primaryImageOfPage":{"@id":"https:\/\/ebenezer-oe.org\/de\/internationale-konferenz-2024\/#primaryimage"},"image":{"@id":"https:\/\/ebenezer-oe.org\/de\/internationale-konferenz-2024\/#primaryimage"},"thumbnailUrl":"https:\/\/ebenezeroe.wpengine.com\/wp-content\/uploads\/2023\/05\/item_97480.png","datePublished":"2023-11-16T11:20:53+00:00","dateModified":"2024-10-03T16:42:44+00:00","breadcrumb":{"@id":"https:\/\/ebenezer-oe.org\/de\/internationale-konferenz-2024\/#breadcrumb"},"inLanguage":"de-DE","potentialAction":[{"@type":"ReadAction","target":["https:\/\/ebenezer-oe.org\/de\/internationale-konferenz-2024\/"]}]},{"@type":"ImageObject","inLanguage":"de-DE","@id":"https:\/\/ebenezer-oe.org\/de\/internationale-konferenz-2024\/#primaryimage","url":"https:\/\/ebenezeroe.wpengine.com\/wp-content\/uploads\/2023\/05\/item_97480.png","contentUrl":"https:\/\/ebenezeroe.wpengine.com\/wp-content\/uploads\/2023\/05\/item_97480.png"},{"@type":"BreadcrumbList","@id":"https:\/\/ebenezer-oe.org\/de\/internationale-konferenz-2024\/#breadcrumb","itemListElement":[{"@type":"ListItem","position":1,"name":"Home","item":"https:\/\/ebenezer-oe.org\/de\/"},{"@type":"ListItem","position":2,"name":"Internationale Konferenz 2024"}]},{"@type":"WebSite","@id":"https:\/\/ebenezer-oe.org\/#website","url":"https:\/\/ebenezer-oe.org\/","name":"Ebenezer - Operation Exodus","description":"","publisher":{"@id":"https:\/\/ebenezer-oe.org\/#organization"},"potentialAction":[{"@type":"SearchAction","target":{"@type":"EntryPoint","urlTemplate":"https:\/\/ebenezer-oe.org\/?s={search_term_string}"},"query-input":{"@type":"PropertyValueSpecification","valueRequired":true,"valueName":"search_term_string"}}],"inLanguage":"de-DE"},{"@type":"Organization","@id":"https:\/\/ebenezer-oe.org\/#organization","name":"Ebenezer - Operation Exodus","url":"https:\/\/ebenezer-oe.org\/","logo":{"@type":"ImageObject","inLanguage":"de-DE","@id":"https:\/\/ebenezer-oe.org\/#\/schema\/logo\/image\/","url":"https:\/\/ebenezeroe.wpengine.com\/wp-content\/uploads\/2020\/09\/Logo_EOE_EN_Colour-Horizontal.png","contentUrl":"https:\/\/ebenezeroe.wpengine.com\/wp-content\/uploads\/2020\/09\/Logo_EOE_EN_Colour-Horizontal.png","width":1922,"height":928,"caption":"Ebenezer - Operation Exodus"},"image":{"@id":"https:\/\/ebenezer-oe.org\/#\/schema\/logo\/image\/"},"sameAs":["https:\/\/www.facebook.com\/EbenezerInt","https:\/\/www.instagram.com\/ebenezer_oe_eng\/","https:\/\/www.youtube.com\/channel\/UC6qGHrKKeamFVz95Vd8LR1g"]}]}},"_links":{"self":[{"href":"https:\/\/ebenezer-oe.org\/de\/wp-json\/wp\/v2\/pages\/103887","targetHints":{"allow":["GET"]}}],"collection":[{"href":"https:\/\/ebenezer-oe.org\/de\/wp-json\/wp\/v2\/pages"}],"about":[{"href":"https:\/\/ebenezer-oe.org\/de\/wp-json\/wp\/v2\/types\/page"}],"author":[{"embeddable":true,"href":"https:\/\/ebenezer-oe.org\/de\/wp-json\/wp\/v2\/users\/2"}],"replies":[{"embeddable":true,"href":"https:\/\/ebenezer-oe.org\/de\/wp-json\/wp\/v2\/comments?post=103887"}],"version-history":[{"count":0,"href":"https:\/\/ebenezer-oe.org\/de\/wp-json\/wp\/v2\/pages\/103887\/revisions"}],"wp:attachment":[{"href":"https:\/\/ebenezer-oe.org\/de\/wp-json\/wp\/v2\/media?parent=103887"}],"curies":[{"name":"wp","href":"https:\/\/api.w.org\/{rel}","templated":true}]}}