{"id":100035,"date":"2023-06-07T10:43:07","date_gmt":"2023-06-07T10:43:07","guid":{"rendered":"https:\/\/ebenezer-oe.org\/conferencia-internacional-2024\/"},"modified":"2024-10-03T16:34:48","modified_gmt":"2024-10-03T16:34:48","slug":"conferencia-internacional-2024","status":"publish","type":"page","link":"https:\/\/ebenezer-oe.org\/es\/conferencia-internacional-2024\/","title":{"rendered":"Conferencia Internacional 2024"},"content":{"rendered":"\n\n\t<p>\u00a1Reservas abiertas ahora!<\/p>\n\t<p>CONFERENCIA INTERNACIONAL EBENEZER<\/p>\n<p>Jerusal\u00e9n 17 &#8211; 22 Noviembre 2024<\/p>\n\t<p>Luz en la Oscuridad<\/p>\n\t<p>\u00abLev\u00e1ntate, resplandece, porque ha llegado tu luz, y la gloria de Jehov\u00e1 amanece sobre ti. Mira, tinieblas cubren la tierra y densas tinieblas sobre los pueblos, pero sobre ti amanece el SE\u00d1OR, y sobre ti aparece su gloria\u00bb.<\/p>\n<p>Isa\u00edas 60:1-2<\/p>\n<p><strong>Te invitamos a unirte a nosotros en Jerusal\u00e9n<\/strong> para nuestra Conferencia Internacional. El tema es &#8216;Luz en la oscuridad&#8217;. Ser\u00e1 un tiempo para que vengamos de las naciones y tengamos comuni\u00f3n en la ciudad del gran Rey.<\/p>\n<p>Un aspecto de ser parte de un ministerio de <i>ali\u00e1<\/i> es que podemos ver diariamente con nuestros propios ojos c\u00f3mo la palabra de DIOS es real. <strong>En 2022, nuestros equipos ayudaron a casi 50 jud\u00edos por d\u00eda a regresar a Israel y eso solo fue posible gracias a la fidelidad de Dios.<\/strong> Algunos cristianos est\u00e1n desesperados por todas las noticias negativas alrededor del mundo y una oscuridad aparentemente creciente, pero queremos dar gracias porque \u00c9L nos ha permitido continuar bendiciendo a otros.<\/p>\n<p>Escucharemos testimonios de c\u00f3mo el Se\u00f1or est\u00e1 usando a los creyentes que pasan de un lugar de intercesi\u00f3n a la acci\u00f3n. A trav\u00e9s de la ense\u00f1anza b\u00edblica, los testimonios, la oraci\u00f3n y el compa\u00f1erismo, queremos permitir que el Esp\u00edritu SANTO nos acerque a DIOS y fortalezca nuestra fe, para que estemos equipados para salir victoriosos donde sea que \u00c9L nos haya colocado.<\/p>\n<p>Nuestros principales oradores de Asia, Israel y Europa compartir\u00e1n c\u00f3mo la palabra de DIOS es la gu\u00eda en tiempos de oscuridad y c\u00f3mo podemos estar seguros de que nuestra participaci\u00f3n en la bendici\u00f3n de Israel no es en vano, \u00a1sino que tendr\u00e1 frutos eternos para SU gloria! <strong>\u00a1El liderazgo de Ebenezer est\u00e1 deseando reunirse contigo en Si\u00f3n!<\/strong><\/p>\n\t\t\t\t<img decoding=\"async\" data-src=\"https:\/\/ebenezeroe.wpengine.com\/wp-content\/uploads\/2023\/05\/item_97480.png\" alt=\"item_97480\" itemprop=\"image\" title=\"item_97480\" onerror=\"this.style.display='none'\" src=\"data:image\/svg+xml;base64,PHN2ZyB3aWR0aD0iMSIgaGVpZ2h0PSIxIiB4bWxucz0iaHR0cDovL3d3dy53My5vcmcvMjAwMC9zdmciPjwvc3ZnPg==\" class=\"lazyload\" \/>\n\t<p>Shalom &amp; Bendiciones<\/p>\n\t<p>Johannes Barthel<\/p>\n\t<p>HOSPEDAJE<\/p>\n\t<p>Las reuniones de la Conferencia estar\u00e1n ubicadas en el Hotel Ramada pero tienes varias opciones de alojamiento: <\/p>\n\t\t\t\t<img decoding=\"async\" data-src=\"https:\/\/ebenezeroe.wpengine.com\/wp-content\/uploads\/2023\/05\/Screenshot-2023-05-15-at-14.26.57.png\" alt=\"Screenshot 2023-05-15 at 14.26.57\" itemprop=\"image\" title=\"Screenshot 2023-05-15 at 14.26.57\" onerror=\"this.style.display='none'\" src=\"data:image\/svg+xml;base64,PHN2ZyB3aWR0aD0iMSIgaGVpZ2h0PSIxIiB4bWxucz0iaHR0cDovL3d3dy53My5vcmcvMjAwMC9zdmciPjwvc3ZnPg==\" class=\"lazyload\" \/>\n<p><strong>1. Encuentra tu propio alojamiento<\/strong><\/p>\n<p>Tarifa de la conferencia, incluidos el almuerzo y las pausas para el caf\u00e9, por 480 $ \/ 380 \u00a3. Esta opci\u00f3n te da la libertad de elegir cualquier alojamiento que desees para pasar la noche en Jerusal\u00e9n.<\/p>\n<ul>\n\n<\/ul>\n<p><strong>2. Hotel Royal<\/strong><\/p>\n<p>3* pensi\u00f3n completa, incluida la cuota de la conferencia, en el Hotel Royal: 995 $ \/ 790 \u00a3 en habitaci\u00f3n doble o 1.445 $ \/ 1.150 \u00a3 en habitaci\u00f3n individual: <\/p>\n<p><em>Hotel Royal Jerusal\u00e9n Calle Ze&#8217;ev Vilnay 6 Jerusal\u00e9n, 91033, Israel<\/em><\/p>\n\t\t\t<a href=\"https:\/\/goo.gl\/maps\/fA3XP2H6d7ZU3kqFA\" target=\"_blank\" rel=\"noopener\">\n\t\t\t\t\t\t\tHotel Royal en Google Maps \n\t\t\t\t\t<\/a>\n\t\t\t<a href=\"https:\/\/royaljerusalemhotel.com\" target=\"_blank\" rel=\"noopener\">\n\t\t\t\t\t\t\tWebsite de Hotel Royal\n\t\t\t\t\t<\/a>\n<strong>3. Ramada By Wyndham<\/strong><br \/>\n<br \/>\n4* pensi\u00f3n completa con tasas de conferencia en el Hotel Ramada: 1.200 $ \/ 955 \u00a3 en habitaci\u00f3n doble o 1.825 $ \/ 1.450 \u00a3 en habitaci\u00f3n individual:\n<em>Ramada By Wyndham<br \/>\n6 Ze&#8217;ev Vilnay Street, Gesher Rupin, Jerusal\u00e9n, 91033, Israel<\/em>\n\t\t\t<a href=\"https:\/\/goo.gl\/maps\/sW7jfviJety94Hf29\" target=\"_blank\" rel=\"noopener\">\n\t\t\t\t\t\t\tRamada Hotel en Google maps \n\t\t\t\t\t<\/a>\n\t\t\t<a href=\"https:\/\/jerusalemramadahotel.com\/en\" target=\"_blank\" rel=\"noopener\">\n\t\t\t\t\t\t\tWebsite de Ramada Hotel\n\t\t\t\t\t<\/a>\n\t<p>Ambos Hoteles comparten las mismas instalaciones recreativas y est\u00e1n ubicados en el mismo complejo. Est\u00e1n a poca distancia a pie del Knesset (Parlamento israel\u00ed), la Corte Suprema, la Universidad Hebrea, el Museo de Israel, el Museo Biblelands, el Museo de Ciencias Bloomfield y la estaci\u00f3n central de autobuses de Jerusal\u00e9n.<\/p>\n\t<p>PROGRAMA DE LA CONFERENCIA<\/p>\n<p>Para todos los hu\u00e9spedes del hotel: Comenzaremos con la cena del domingo 17 de noviembre y terminamos con el desayuno del viernes 22 de noviembre. La conferencia en s\u00ed comienza a las 09:30 el lunes por la ma\u00f1ana y tendremos la \u00faltima reuni\u00f3n el jueves por la noche.<\/p>\n<p><br \/>Confirmaremos el programa completo estando cerca de la fecha.<\/p>\n\t<p>\u00bfQU\u00c9 PASA CON LAS CANCELACIONES?<\/p>\n\t<p>Desde la COVID y el 7 de octubre, los hoteles de Israel son favorables a proporcionar reembolsos en caso de que cambie la situaci\u00f3n con respecto a la guerra. Esperamos que esto no sea necesario, pero le mantendremos informado en caso de que algo cambie.<\/p>\n<p>&nbsp;<\/p>\n\t<p>SEGURO DE VIAJE<\/p>\n<p>Somos conscientes de que muchas compa\u00f1\u00edas de seguros de viaje no cubren los viajes a Israel en este momento. Nos han recomendado una compa\u00f1\u00eda israel\u00ed, SAR EL, que ofrece seguros m\u00e9dicos para turistas.<\/p>\n<p>Si est\u00e1 interesado en obtener m\u00e1s informaci\u00f3n o contratar un seguro con este proveedor, puede hacerlo a trav\u00e9s de los botones que aparecen a continuaci\u00f3n.<\/p>\n\t\t\t<a href=\"https:\/\/ebenezer-oe.org\/wp-content\/uploads\/2024\/05\/MEDICAL-INSURANCE-FOR-TOURISTS-IN-ISRAEL-Tour-care-summary-of-coverage-SAR-EL.pdf\" target=\"_blank\" rel=\"noopener\">\n\t\t\t\t\t\t\tM\u00e1s informaci\u00f3n sobre el seguro SAR EL\n\t\t\t\t\t<\/a>\n\t\t\t<a href=\"https:\/\/forms.iforms.co.il\/Show_form\/5b2kb892\" target=\"_blank\" rel=\"noopener\">\n\t\t\t\t\t\t\tAbrir una solicitud \n\t\t\t\t\t<\/a>\n\t<p>VIAJE<\/p>\n\t<p>Nuestro equipo en Israel ha preparado un documento de viaje con instrucciones desde el aeropuerto Ben Gurion hasta el alojamiento previsto en los hoteles Royal y Ramada.<\/p>\n\t\t\t<a href=\"https:\/\/ebenezer-oe.org\/wp-content\/uploads\/2024\/10\/Directions-Tel-Aviv-Ben-Gurion-Airport-to-Hotel-1.pdf\" target=\"_blank\" rel=\"noopener\">\n\t\t\t\t\t\t\tInstrucciones de viaje\n\t\t\t\t\t<\/a>\n\t<p>RESERVA<\/p>\n<p>Su registro s\u00f3lo es v\u00e1lido con un pago inicial de 100 USD, que no se puede reembolsar (excepto por la cancelaci\u00f3n de la conferencia por nuestra parte). El pago completo debe realizarse antes del 15 de agosto de 2024. <\/p>\n<p>Para registros posteriores al 15 de agosto de 2024, aseg\u00farese de que tengamos habitaciones disponibles antes de reservar.<\/p>\n\t\t\t<a href=\"https:\/\/docs.google.com\/forms\/d\/e\/1FAIpQLSeN8KdhAwf3xVRlokYopUNEG9dYBgusJLStOKpR4ZSEoYh87Q\/viewform?usp=sf_link\" target=\"_blank\" rel=\"noopener\">\n\t\t\t\t\t\t\tFormulario de reserva\n\t\t\t\t\t<\/a>\n\t<p>CONTACTO<\/p>\n<p>Para m\u00e1s consultas, env\u00edanos un correo electr\u00f3nico a <a href=\"mailto:conference@ebenezer-oe.org\"><em>conference@ebenezer-oe.org<\/em><\/a><em>,<\/em> o comun\u00edquese con su oficina nacional.<\/p>\n<p>&nbsp;<\/p>\n\n","protected":false},"excerpt":{"rendered":"<p>\u00a1Reservas abiertas ahora! CONFERENCIA INTERNACIONAL EBENEZER Jerusal\u00e9n 17 &#8211; 22 Noviembre 2024 Luz en la Oscuridad \u00abLev\u00e1ntate, resplandece, porque ha llegado tu luz, y la gloria de Jehov\u00e1 amanece sobre ti. Mira, tinieblas cubren la tierra y densas tinieblas sobre los pueblos, pero sobre ti amanece el SE\u00d1OR, y sobre ti aparece su gloria\u00bb. Isa\u00edas&hellip;<\/p>\n","protected":false},"author":2,"featured_media":0,"parent":0,"menu_order":0,"comment_status":"closed","ping_status":"closed","template":"","meta":{"footnotes":""},"class_list":["post-100035","page","type-page","status-publish","hentry"],"yoast_head":"<!-- This site is optimized with the Yoast SEO plugin v27.4 - https:\/\/yoast.com\/product\/yoast-seo-wordpress\/ -->\n<title>Conferencia Internacional 2024 - Ebenezer Operation Exodus<\/title>\n<meta name=\"robots\" content=\"index, follow, max-snippet:-1, max-image-preview:large, max-video-preview:-1\" \/>\n<link rel=\"canonical\" href=\"https:\/\/ebenezer-oe.org\/es\/conferencia-internacional-2024\/\" \/>\n<meta property=\"og:locale\" content=\"es_ES\" \/>\n<meta property=\"og:type\" content=\"article\" \/>\n<meta property=\"og:title\" content=\"Conferencia Internacional 2024 - Ebenezer Operation Exodus\" \/>\n<meta property=\"og:description\" content=\"\u00a1Reservas abiertas ahora! CONFERENCIA INTERNACIONAL EBENEZER Jerusal\u00e9n 17 &#8211; 22 Noviembre 2024 Luz en la Oscuridad \u00abLev\u00e1ntate, resplandece, porque ha llegado tu luz, y la gloria de Jehov\u00e1 amanece sobre ti. Mira, tinieblas cubren la tierra y densas tinieblas sobre los pueblos, pero sobre ti amanece el SE\u00d1OR, y sobre ti aparece su gloria\u00bb. Isa\u00edas&hellip;\" \/>\n<meta property=\"og:url\" content=\"https:\/\/ebenezer-oe.org\/es\/conferencia-internacional-2024\/\" \/>\n<meta property=\"og:site_name\" content=\"Ebenezer Operation Exodus\" \/>\n<meta property=\"article:publisher\" content=\"https:\/\/www.facebook.com\/EbenezerInt\" \/>\n<meta property=\"article:modified_time\" content=\"2024-10-03T16:34:48+00:00\" \/>\n<meta property=\"og:image\" content=\"https:\/\/ebenezeroe.wpengine.com\/wp-content\/uploads\/2023\/05\/item_97480.png\" \/>\n<meta name=\"twitter:card\" content=\"summary_large_image\" \/>\n<meta name=\"twitter:label1\" content=\"Tiempo de lectura\" \/>\n\t<meta name=\"twitter:data1\" content=\"4 minutos\" \/>\n<script type=\"application\/ld+json\" class=\"yoast-schema-graph\">{\"@context\":\"https:\\\/\\\/schema.org\",\"@graph\":[{\"@type\":\"WebPage\",\"@id\":\"https:\\\/\\\/ebenezer-oe.org\\\/es\\\/conferencia-internacional-2024\\\/\",\"url\":\"https:\\\/\\\/ebenezer-oe.org\\\/es\\\/conferencia-internacional-2024\\\/\",\"name\":\"Conferencia Internacional 2024 - Ebenezer Operation Exodus\",\"isPartOf\":{\"@id\":\"https:\\\/\\\/ebenezer-oe.org\\\/#website\"},\"primaryImageOfPage\":{\"@id\":\"https:\\\/\\\/ebenezer-oe.org\\\/es\\\/conferencia-internacional-2024\\\/#primaryimage\"},\"image\":{\"@id\":\"https:\\\/\\\/ebenezer-oe.org\\\/es\\\/conferencia-internacional-2024\\\/#primaryimage\"},\"thumbnailUrl\":\"https:\\\/\\\/ebenezeroe.wpengine.com\\\/wp-content\\\/uploads\\\/2023\\\/05\\\/item_97480.png\",\"datePublished\":\"2023-06-07T10:43:07+00:00\",\"dateModified\":\"2024-10-03T16:34:48+00:00\",\"breadcrumb\":{\"@id\":\"https:\\\/\\\/ebenezer-oe.org\\\/es\\\/conferencia-internacional-2024\\\/#breadcrumb\"},\"inLanguage\":\"es\",\"potentialAction\":[{\"@type\":\"ReadAction\",\"target\":[\"https:\\\/\\\/ebenezer-oe.org\\\/es\\\/conferencia-internacional-2024\\\/\"]}]},{\"@type\":\"ImageObject\",\"inLanguage\":\"es\",\"@id\":\"https:\\\/\\\/ebenezer-oe.org\\\/es\\\/conferencia-internacional-2024\\\/#primaryimage\",\"url\":\"https:\\\/\\\/ebenezeroe.wpengine.com\\\/wp-content\\\/uploads\\\/2023\\\/05\\\/item_97480.png\",\"contentUrl\":\"https:\\\/\\\/ebenezeroe.wpengine.com\\\/wp-content\\\/uploads\\\/2023\\\/05\\\/item_97480.png\"},{\"@type\":\"BreadcrumbList\",\"@id\":\"https:\\\/\\\/ebenezer-oe.org\\\/es\\\/conferencia-internacional-2024\\\/#breadcrumb\",\"itemListElement\":[{\"@type\":\"ListItem\",\"position\":1,\"name\":\"Home\",\"item\":\"https:\\\/\\\/ebenezer-oe.org\\\/es\\\/\"},{\"@type\":\"ListItem\",\"position\":2,\"name\":\"Conferencia Internacional 2024\"}]},{\"@type\":\"WebSite\",\"@id\":\"https:\\\/\\\/ebenezer-oe.org\\\/#website\",\"url\":\"https:\\\/\\\/ebenezer-oe.org\\\/\",\"name\":\"Ebenezer - Operation Exodus\",\"description\":\"\",\"publisher\":{\"@id\":\"https:\\\/\\\/ebenezer-oe.org\\\/#organization\"},\"potentialAction\":[{\"@type\":\"SearchAction\",\"target\":{\"@type\":\"EntryPoint\",\"urlTemplate\":\"https:\\\/\\\/ebenezer-oe.org\\\/?s={search_term_string}\"},\"query-input\":{\"@type\":\"PropertyValueSpecification\",\"valueRequired\":true,\"valueName\":\"search_term_string\"}}],\"inLanguage\":\"es\"},{\"@type\":\"Organization\",\"@id\":\"https:\\\/\\\/ebenezer-oe.org\\\/#organization\",\"name\":\"Ebenezer - Operation Exodus\",\"url\":\"https:\\\/\\\/ebenezer-oe.org\\\/\",\"logo\":{\"@type\":\"ImageObject\",\"inLanguage\":\"es\",\"@id\":\"https:\\\/\\\/ebenezer-oe.org\\\/#\\\/schema\\\/logo\\\/image\\\/\",\"url\":\"https:\\\/\\\/ebenezeroe.wpengine.com\\\/wp-content\\\/uploads\\\/2020\\\/09\\\/Logo_EOE_EN_Colour-Horizontal.png\",\"contentUrl\":\"https:\\\/\\\/ebenezeroe.wpengine.com\\\/wp-content\\\/uploads\\\/2020\\\/09\\\/Logo_EOE_EN_Colour-Horizontal.png\",\"width\":1922,\"height\":928,\"caption\":\"Ebenezer - Operation Exodus\"},\"image\":{\"@id\":\"https:\\\/\\\/ebenezer-oe.org\\\/#\\\/schema\\\/logo\\\/image\\\/\"},\"sameAs\":[\"https:\\\/\\\/www.facebook.com\\\/EbenezerInt\",\"https:\\\/\\\/www.instagram.com\\\/ebenezer_oe_eng\\\/\",\"https:\\\/\\\/www.youtube.com\\\/channel\\\/UC6qGHrKKeamFVz95Vd8LR1g\"]}]}<\/script>\n<!-- \/ Yoast SEO plugin. -->","yoast_head_json":{"title":"Conferencia Internacional 2024 - Ebenezer Operation Exodus","robots":{"index":"index","follow":"follow","max-snippet":"max-snippet:-1","max-image-preview":"max-image-preview:large","max-video-preview":"max-video-preview:-1"},"canonical":"https:\/\/ebenezer-oe.org\/es\/conferencia-internacional-2024\/","og_locale":"es_ES","og_type":"article","og_title":"Conferencia Internacional 2024 - Ebenezer Operation Exodus","og_description":"\u00a1Reservas abiertas ahora! CONFERENCIA INTERNACIONAL EBENEZER Jerusal\u00e9n 17 &#8211; 22 Noviembre 2024 Luz en la Oscuridad \u00abLev\u00e1ntate, resplandece, porque ha llegado tu luz, y la gloria de Jehov\u00e1 amanece sobre ti. Mira, tinieblas cubren la tierra y densas tinieblas sobre los pueblos, pero sobre ti amanece el SE\u00d1OR, y sobre ti aparece su gloria\u00bb. Isa\u00edas&hellip;","og_url":"https:\/\/ebenezer-oe.org\/es\/conferencia-internacional-2024\/","og_site_name":"Ebenezer Operation Exodus","article_publisher":"https:\/\/www.facebook.com\/EbenezerInt","article_modified_time":"2024-10-03T16:34:48+00:00","og_image":[{"url":"https:\/\/ebenezeroe.wpengine.com\/wp-content\/uploads\/2023\/05\/item_97480.png","type":"","width":"","height":""}],"twitter_card":"summary_large_image","twitter_misc":{"Tiempo de lectura":"4 minutos"},"schema":{"@context":"https:\/\/schema.org","@graph":[{"@type":"WebPage","@id":"https:\/\/ebenezer-oe.org\/es\/conferencia-internacional-2024\/","url":"https:\/\/ebenezer-oe.org\/es\/conferencia-internacional-2024\/","name":"Conferencia Internacional 2024 - Ebenezer Operation Exodus","isPartOf":{"@id":"https:\/\/ebenezer-oe.org\/#website"},"primaryImageOfPage":{"@id":"https:\/\/ebenezer-oe.org\/es\/conferencia-internacional-2024\/#primaryimage"},"image":{"@id":"https:\/\/ebenezer-oe.org\/es\/conferencia-internacional-2024\/#primaryimage"},"thumbnailUrl":"https:\/\/ebenezeroe.wpengine.com\/wp-content\/uploads\/2023\/05\/item_97480.png","datePublished":"2023-06-07T10:43:07+00:00","dateModified":"2024-10-03T16:34:48+00:00","breadcrumb":{"@id":"https:\/\/ebenezer-oe.org\/es\/conferencia-internacional-2024\/#breadcrumb"},"inLanguage":"es","potentialAction":[{"@type":"ReadAction","target":["https:\/\/ebenezer-oe.org\/es\/conferencia-internacional-2024\/"]}]},{"@type":"ImageObject","inLanguage":"es","@id":"https:\/\/ebenezer-oe.org\/es\/conferencia-internacional-2024\/#primaryimage","url":"https:\/\/ebenezeroe.wpengine.com\/wp-content\/uploads\/2023\/05\/item_97480.png","contentUrl":"https:\/\/ebenezeroe.wpengine.com\/wp-content\/uploads\/2023\/05\/item_97480.png"},{"@type":"BreadcrumbList","@id":"https:\/\/ebenezer-oe.org\/es\/conferencia-internacional-2024\/#breadcrumb","itemListElement":[{"@type":"ListItem","position":1,"name":"Home","item":"https:\/\/ebenezer-oe.org\/es\/"},{"@type":"ListItem","position":2,"name":"Conferencia Internacional 2024"}]},{"@type":"WebSite","@id":"https:\/\/ebenezer-oe.org\/#website","url":"https:\/\/ebenezer-oe.org\/","name":"Ebenezer - Operation Exodus","description":"","publisher":{"@id":"https:\/\/ebenezer-oe.org\/#organization"},"potentialAction":[{"@type":"SearchAction","target":{"@type":"EntryPoint","urlTemplate":"https:\/\/ebenezer-oe.org\/?s={search_term_string}"},"query-input":{"@type":"PropertyValueSpecification","valueRequired":true,"valueName":"search_term_string"}}],"inLanguage":"es"},{"@type":"Organization","@id":"https:\/\/ebenezer-oe.org\/#organization","name":"Ebenezer - Operation Exodus","url":"https:\/\/ebenezer-oe.org\/","logo":{"@type":"ImageObject","inLanguage":"es","@id":"https:\/\/ebenezer-oe.org\/#\/schema\/logo\/image\/","url":"https:\/\/ebenezeroe.wpengine.com\/wp-content\/uploads\/2020\/09\/Logo_EOE_EN_Colour-Horizontal.png","contentUrl":"https:\/\/ebenezeroe.wpengine.com\/wp-content\/uploads\/2020\/09\/Logo_EOE_EN_Colour-Horizontal.png","width":1922,"height":928,"caption":"Ebenezer - Operation Exodus"},"image":{"@id":"https:\/\/ebenezer-oe.org\/#\/schema\/logo\/image\/"},"sameAs":["https:\/\/www.facebook.com\/EbenezerInt","https:\/\/www.instagram.com\/ebenezer_oe_eng\/","https:\/\/www.youtube.com\/channel\/UC6qGHrKKeamFVz95Vd8LR1g"]}]}},"_links":{"self":[{"href":"https:\/\/ebenezer-oe.org\/es\/wp-json\/wp\/v2\/pages\/100035","targetHints":{"allow":["GET"]}}],"collection":[{"href":"https:\/\/ebenezer-oe.org\/es\/wp-json\/wp\/v2\/pages"}],"about":[{"href":"https:\/\/ebenezer-oe.org\/es\/wp-json\/wp\/v2\/types\/page"}],"author":[{"embeddable":true,"href":"https:\/\/ebenezer-oe.org\/es\/wp-json\/wp\/v2\/users\/2"}],"replies":[{"embeddable":true,"href":"https:\/\/ebenezer-oe.org\/es\/wp-json\/wp\/v2\/comments?post=100035"}],"version-history":[{"count":0,"href":"https:\/\/ebenezer-oe.org\/es\/wp-json\/wp\/v2\/pages\/100035\/revisions"}],"wp:attachment":[{"href":"https:\/\/ebenezer-oe.org\/es\/wp-json\/wp\/v2\/media?parent=100035"}],"curies":[{"name":"wp","href":"https:\/\/api.w.org\/{rel}","templated":true}]}}