{"id":103888,"date":"2023-11-16T12:17:59","date_gmt":"2023-11-16T12:17:59","guid":{"rendered":"https:\/\/ebenezer-oe.org\/conference-internationale-2024\/"},"modified":"2024-10-03T16:32:50","modified_gmt":"2024-10-03T16:32:50","slug":"conference-internationale-2024","status":"publish","type":"page","link":"https:\/\/ebenezer-oe.org\/fr\/conference-internationale-2024\/","title":{"rendered":"Conf\u00e9rence Internationale 2024"},"content":{"rendered":"\n\n\t<p>Les r\u00e9servations sont ouvertes !<\/p>\n\t<p>CONF\u00c9RENCE EBENEZER INTERNATIONALE<\/p>\n<p>J\u00e9rusalem 17 &#8211; 22 novembre 2024<\/p>\n\t<p>Lumi\u00e8re dans les T\u00e9n\u00e8bres<\/p>\n\t<p>\u00ab\u00a0L\u00e8ve-toi, brille, car ta lumi\u00e8re para\u00eet, et la gloire de l&rsquo;\u00c9ternel se l\u00e8ve sur toi. Car voici que les t\u00e9n\u00e8bres couvrent la terre et l&rsquo;obscurit\u00e9 les peuples, mais sur toi l&rsquo;\u00c9ternel se l\u00e8ve, sur toi sa gloire appara\u00eet.\u00a0\u00bb<\/p>\n<p>Esa\u00efe 60:1-2<\/p>\n<p><strong>Nous vous invitons \u00e0 nous rejoindre \u00e0 J\u00e9rusalem<\/strong> pour notre Conf\u00e9rence Internationale Le th\u00e8me sera &lsquo;Lumi\u00e8re dans les T\u00e9n\u00e8bres.&rsquo; Ce sera l&rsquo;occasion de nous rassembler des diff\u00e9rentes nations et de passer du temps ensemble dans la ville du grand Roi.<\/p>\n<p>L&rsquo;un des aspects de la participation \u00e0 un minist\u00e8re de <i>l&rsquo;Aliya<\/i> est que nous pouvons quotidiennement voir de nos propres yeux combien la parole de Dieu est r\u00e9elle. <strong>En 2022, nos \u00e9quipes ont aid\u00e9 pr\u00e8s de 50 Juifs par jour \u00e0 retourner en Isra\u00ebl et cela n&rsquo;a \u00e9t\u00e9 possible que gr\u00e2ce \u00e0 la fid\u00e9lit\u00e9 de Dieu.<\/strong> Certains chr\u00e9tiens sont d\u00e9sesp\u00e9r\u00e9s par toutes les nouvelles n\u00e9gatives qui circulent dans le monde et par l&rsquo;obscurit\u00e9 apparemment croissante, mais nous voulons remercier Dieu de nous avoir permis de continuer \u00e0 b\u00e9nir le peuple juif.<\/p>\n<p>Nous entendrons des t\u00e9moignages sur la fa\u00e7on dont le Seigneur utilise les croyants qui passent de l&rsquo;intercession \u00e0 l&rsquo;action. \u00c0 travers l&rsquo;enseignement biblique, les t\u00e9moignages, la pri\u00e8re et la communion, nous voulons permettre au Saint-Esprit de nous rapprocher de Dieu et de fortifier notre foi, afin que nous soyons \u00e9quip\u00e9s pour rester victorieux l\u00e0 o\u00f9 IL nous a plac\u00e9s.<\/p>\n<p>Nos principaux orateurs d&rsquo;Asie, d&rsquo;Isra\u00ebl et d&rsquo;Europe partageront comment la parole de Dieu est la lumi\u00e8re dans ces temps de t\u00e9n\u00e8bres et comment nous pouvons \u00eatre s\u00fbrs que notre implication dans la b\u00e9n\u00e9diction d&rsquo;Isra\u00ebl n&rsquo;est pas vaine, mais qu&rsquo;elle aura des fruits \u00e9ternels pour SA gloire ! <strong>Les responsables d&rsquo;Ebenezer se r\u00e9jouissent de vous rencontrer \u00e0 Sion !<\/strong><\/p>\n\t\t\t\t<img decoding=\"async\" data-src=\"https:\/\/ebenezeroe.wpengine.com\/wp-content\/uploads\/2023\/05\/item_97480.png\" alt=\"item_97480\" itemprop=\"image\" title=\"item_97480\" onerror=\"this.style.display='none'\" src=\"data:image\/svg+xml;base64,PHN2ZyB3aWR0aD0iMSIgaGVpZ2h0PSIxIiB4bWxucz0iaHR0cDovL3d3dy53My5vcmcvMjAwMC9zdmciPjwvc3ZnPg==\" class=\"lazyload\" \/>\n\t<p>Shalom &amp; b\u00e9n\u00e9dictions<\/p>\n\t<p>Johannes Barthel<\/p>\n\t<p>LOGEMENT<\/p>\n\t<p>Les rencontres de la conf\u00e9rence se tiendront au Ramada Hotel mais vous avez diff\u00e9rentes options de logements : <\/p>\n\t\t\t\t<img decoding=\"async\" data-src=\"https:\/\/ebenezeroe.wpengine.com\/wp-content\/uploads\/2023\/05\/Screenshot-2023-05-15-at-14.26.57.png\" alt=\"Screenshot 2023-05-15 at 14.26.57\" itemprop=\"image\" title=\"Screenshot 2023-05-15 at 14.26.57\" onerror=\"this.style.display='none'\" src=\"data:image\/svg+xml;base64,PHN2ZyB3aWR0aD0iMSIgaGVpZ2h0PSIxIiB4bWxucz0iaHR0cDovL3d3dy53My5vcmcvMjAwMC9zdmciPjwvc3ZnPg==\" class=\"lazyload\" \/>\n<p><strong>1. Trouver votre propre h\u00e9bergement<\/strong><\/p>\n<p>ConferencFrais de conf\u00e9rence incluant le d\u00e9jeuner et les pauses caf\u00e9 pour 480 $ \/ 380 \u00a3. Cette option vous donne la libert\u00e9 de choisir n&rsquo;importe quel h\u00e9bergement \u00e0 J\u00e9rusalem.<\/p>\n<ul>\n\n<\/ul>\n<p><strong>2. Royal Hotel<\/strong><\/p>\n<p>Pension compl\u00e8te 3* incluant les frais de conf\u00e9rence au Royal Hotel : 995 $ \/ \u00a3790 en chambre double ou 1445 $ \/ \u00a31,150 en chambre simple : <\/p>\n<p><em>Royal Hotel Jerusalem 6 Ze&rsquo;ev Vilnay Street Jerusalem, 91033, Israel<\/em><\/p>\n\t\t\t<a href=\"https:\/\/goo.gl\/maps\/fA3XP2H6d7ZU3kqFA\" target=\"_blank\" rel=\"noopener\">\n\t\t\t\t\t\t\tRoyal Hotel sur Google Maps \n\t\t\t\t\t<\/a>\n\t\t\t<a href=\"https:\/\/royaljerusalemhotel.com\" target=\"_blank\" rel=\"noopener\">\n\t\t\t\t\t\t\tSite internet de Royal Hotel\n\t\t\t\t\t<\/a>\n<strong>3. Ramada By Wyndham<\/strong><br \/>\n<br \/>\nPension compl\u00e8te 4* avec frais de conf\u00e9rence \u00e0 l&rsquo;h\u00f4tel Ramada : 1 200 $ \/ 955 \u00a3 en chambre double ou 1 825 $ \/ 1 450 \u00a3 en chambre simple :\n<em>Ramada By Wyndham<br \/>\n6 Ze&rsquo;ev Vilnay Street, Gesher Rupin, Jerusalem, 91033, Israel<\/em>\n\t\t\t<a href=\"https:\/\/goo.gl\/maps\/sW7jfviJety94Hf29\" target=\"_blank\" rel=\"noopener\">\n\t\t\t\t\t\t\tRamada Hotel sur Google maps \n\t\t\t\t\t<\/a>\n\t\t\t<a href=\"https:\/\/jerusalemramadahotel.com\/en\" target=\"_blank\" rel=\"noopener\">\n\t\t\t\t\t\t\tSite internet de Ramada Hotel\n\t\t\t\t\t<\/a>\n\t<p>Les deux h\u00f4tels partagent les m\u00eames installations de loisirs et sont situ\u00e9s dans le m\u00eame complexe. Ils se trouvent \u00e0 quelques pas de la Knesset (Parlement isra\u00e9lien), de la Cour supr\u00eame, de l&rsquo;Universit\u00e9 h\u00e9bra\u00efque, du Mus\u00e9e d&rsquo;Isra\u00ebl, du Mus\u00e9e des terres bibliques, du Mus\u00e9e des sciences de Bloomfield et de la gare routi\u00e8re centrale de J\u00e9rusalem.<\/p>\n\t<p>PROGRAMME DE LA CONF\u00c9RENCE<\/p>\n<p>Pour tous les clients du Ramada Hotel : Nous commen\u00e7ons par le repas du soir du dimanche 17 novembre et nous terminons par le petit-d\u00e9jeuner le vendredi 22 novembre. La conf\u00e9rence en elle-m\u00eame commencera \u00e0 9h30 le lundi matin et la derni\u00e8re r\u00e9union aura lieu le jeudi soir.<\/p>\n<p><br \/>Le programme complet sera confirm\u00e9 \u00e0 l&rsquo;approche de la date.<\/p>\n\t<p>QU&rsquo;EN EST-IL DES ANNULATIONS ?<\/p>\n\t<p>Depuis le COVID et le 7 octobre, les h\u00f4tels en Isra\u00ebl sont favorables aux remboursements en cas de changement de situation concernant la guerre. Nous esp\u00e9rons que cela ne sera pas n\u00e9cessaire, mais nous vous tiendrons au courant de l&rsquo;\u00e9volution de la situation.<\/p>\n<p>&nbsp;<\/p>\n\t<p>ASSURANCE VOYAGE<\/p>\n<p>Nous sommes conscients que de nombreuses compagnies d&rsquo;assurance voyage ne couvrent pas les voyages en Isra\u00ebl \u00e0 l&rsquo;heure actuelle. On nous a recommand\u00e9 une compagnie isra\u00e9lienne, SAR EL, qui offre une assurance maladie aux touristes.<\/p>\n<p>Si vous souhaitez obtenir plus d&rsquo;informations ou souscrire une assurance aupr\u00e8s de cette compagnie, vous pouvez le faire en cliquant sur les boutons ci-dessous.<\/p>\n\t\t\t<a href=\"https:\/\/ebenezer-oe.org\/wp-content\/uploads\/2024\/05\/MEDICAL-INSURANCE-FOR-TOURISTS-IN-ISRAEL-Tour-care-summary-of-coverage-SAR-EL.pdf\" target=\"_blank\" rel=\"noopener\">\n\t\t\t\t\t\t\tEn savoir plus sur l&rsquo;assurance SAR EL\n\t\t\t\t\t<\/a>\n\t\t\t<a href=\"https:\/\/forms.iforms.co.il\/Show_form\/5b2kb892\" target=\"_blank\" rel=\"noopener\">\n\t\t\t\t\t\t\tOuvrir un dossier \n\t\t\t\t\t<\/a>\n\t<p>VOYAGE<\/p>\n\t<p>Notre \u00e9quipe en Isra\u00ebl a pr\u00e9par\u00e9 un document de voyage avec des instructions depuis l&rsquo;a\u00e9roport Ben Gurion jusqu&rsquo;\u00e0 l&rsquo;h\u00e9bergement pr\u00e9vu dans les h\u00f4tels Royal et Rama<\/p>\n<p>&nbsp;<\/p>\n\t\t\t<a href=\"https:\/\/ebenezer-oe.org\/wp-content\/uploads\/2024\/10\/Directions-Tel-Aviv-Ben-Gurion-Airport-to-Hotel-1.pdf\" target=\"_blank\" rel=\"noopener\">\n\t\t\t\t\t\t\tInstructions de voyage\n\t\t\t\t\t<\/a>\n\t<p>R\u00c9SERVATION<\/p>\n<p>Votre inscription ne sera valid\u00e9 qu&rsquo;apr\u00e8s le paiement d&rsquo;un acompte de $US 100, qui ne peut \u00eatre rembours\u00e9 (sauf en cas d&rsquo;annulation de la conf\u00e9rence de notre part). Le paiement final doit \u00eatre effectu\u00e9 avant le 15 ao\u00fbt 2024. <\/p>\n<p>Pour toute inscription apr\u00e8s le 15 ao\u00fbt 2024, assurez-vous que des chambres soient disponibles avant de r\u00e9server.<\/p>\n\t\t\t<a href=\"https:\/\/docs.google.com\/forms\/d\/e\/1FAIpQLSd2rEisu_fzLjhaU3swFFiiF_fxDAcATrm72sNl_fa9QLzIBQ\/viewform?usp=sf_link\" target=\"_blank\" rel=\"noopener\">\n\t\t\t\t\t\t\tR\u00e9servation\n\t\t\t\t\t<\/a>\n\t<p>CONTACT<\/p>\n<p>Pour toute autre question, vous pouvez envoyer un courriel \u00e0 l&rsquo;adresse mail suivante : <a href=\"mailto:conference@ebenezer-oe.org\"><em>conference@ebenezer-oe.org<\/em><\/a> <em>ou<\/em> contactez votre bureau national.<\/p>\n<p>&nbsp;<\/p>\n\n","protected":false},"excerpt":{"rendered":"<p>Les r\u00e9servations sont ouvertes ! CONF\u00c9RENCE EBENEZER INTERNATIONALE J\u00e9rusalem 17 &#8211; 22 novembre 2024 Lumi\u00e8re dans les T\u00e9n\u00e8bres \u00ab\u00a0L\u00e8ve-toi, brille, car ta lumi\u00e8re para\u00eet, et la gloire de l&rsquo;\u00c9ternel se l\u00e8ve sur toi. Car voici que les t\u00e9n\u00e8bres couvrent la terre et l&rsquo;obscurit\u00e9 les peuples, mais sur toi l&rsquo;\u00c9ternel se l\u00e8ve, sur toi sa gloire&hellip;<\/p>\n","protected":false},"author":2,"featured_media":0,"parent":0,"menu_order":0,"comment_status":"closed","ping_status":"closed","template":"","meta":{"footnotes":""},"class_list":["post-103888","page","type-page","status-publish","hentry"],"yoast_head":"<!-- This site is optimized with the Yoast SEO plugin v27.4 - https:\/\/yoast.com\/product\/yoast-seo-wordpress\/ -->\n<title>Conf\u00e9rence Internationale 2024 - Ebenezer Operation Exodus<\/title>\n<meta name=\"robots\" content=\"index, follow, max-snippet:-1, max-image-preview:large, max-video-preview:-1\" \/>\n<link rel=\"canonical\" href=\"https:\/\/ebenezer-oe.org\/fr\/conference-internationale-2024\/\" \/>\n<meta property=\"og:locale\" content=\"fr_FR\" \/>\n<meta property=\"og:type\" content=\"article\" \/>\n<meta property=\"og:title\" content=\"Conf\u00e9rence Internationale 2024 - Ebenezer Operation Exodus\" \/>\n<meta property=\"og:description\" content=\"Les r\u00e9servations sont ouvertes ! CONF\u00c9RENCE EBENEZER INTERNATIONALE J\u00e9rusalem 17 &#8211; 22 novembre 2024 Lumi\u00e8re dans les T\u00e9n\u00e8bres \u00ab\u00a0L\u00e8ve-toi, brille, car ta lumi\u00e8re para\u00eet, et la gloire de l&rsquo;\u00c9ternel se l\u00e8ve sur toi. Car voici que les t\u00e9n\u00e8bres couvrent la terre et l&rsquo;obscurit\u00e9 les peuples, mais sur toi l&rsquo;\u00c9ternel se l\u00e8ve, sur toi sa gloire&hellip;\" \/>\n<meta property=\"og:url\" content=\"https:\/\/ebenezer-oe.org\/fr\/conference-internationale-2024\/\" \/>\n<meta property=\"og:site_name\" content=\"Ebenezer Operation Exodus\" \/>\n<meta property=\"article:publisher\" content=\"https:\/\/www.facebook.com\/EbenezerInt\" \/>\n<meta property=\"article:modified_time\" content=\"2024-10-03T16:32:50+00:00\" \/>\n<meta property=\"og:image\" content=\"https:\/\/ebenezeroe.wpengine.com\/wp-content\/uploads\/2023\/05\/item_97480.png\" \/>\n<meta name=\"twitter:card\" content=\"summary_large_image\" \/>\n<meta name=\"twitter:label1\" content=\"Dur\u00e9e de lecture estim\u00e9e\" \/>\n\t<meta name=\"twitter:data1\" content=\"4 minutes\" \/>\n<script type=\"application\/ld+json\" class=\"yoast-schema-graph\">{\"@context\":\"https:\\\/\\\/schema.org\",\"@graph\":[{\"@type\":\"WebPage\",\"@id\":\"https:\\\/\\\/ebenezer-oe.org\\\/fr\\\/conference-internationale-2024\\\/\",\"url\":\"https:\\\/\\\/ebenezer-oe.org\\\/fr\\\/conference-internationale-2024\\\/\",\"name\":\"Conf\u00e9rence Internationale 2024 - Ebenezer Operation Exodus\",\"isPartOf\":{\"@id\":\"https:\\\/\\\/ebenezer-oe.org\\\/#website\"},\"primaryImageOfPage\":{\"@id\":\"https:\\\/\\\/ebenezer-oe.org\\\/fr\\\/conference-internationale-2024\\\/#primaryimage\"},\"image\":{\"@id\":\"https:\\\/\\\/ebenezer-oe.org\\\/fr\\\/conference-internationale-2024\\\/#primaryimage\"},\"thumbnailUrl\":\"https:\\\/\\\/ebenezeroe.wpengine.com\\\/wp-content\\\/uploads\\\/2023\\\/05\\\/item_97480.png\",\"datePublished\":\"2023-11-16T12:17:59+00:00\",\"dateModified\":\"2024-10-03T16:32:50+00:00\",\"breadcrumb\":{\"@id\":\"https:\\\/\\\/ebenezer-oe.org\\\/fr\\\/conference-internationale-2024\\\/#breadcrumb\"},\"inLanguage\":\"fr-FR\",\"potentialAction\":[{\"@type\":\"ReadAction\",\"target\":[\"https:\\\/\\\/ebenezer-oe.org\\\/fr\\\/conference-internationale-2024\\\/\"]}]},{\"@type\":\"ImageObject\",\"inLanguage\":\"fr-FR\",\"@id\":\"https:\\\/\\\/ebenezer-oe.org\\\/fr\\\/conference-internationale-2024\\\/#primaryimage\",\"url\":\"https:\\\/\\\/ebenezeroe.wpengine.com\\\/wp-content\\\/uploads\\\/2023\\\/05\\\/item_97480.png\",\"contentUrl\":\"https:\\\/\\\/ebenezeroe.wpengine.com\\\/wp-content\\\/uploads\\\/2023\\\/05\\\/item_97480.png\"},{\"@type\":\"BreadcrumbList\",\"@id\":\"https:\\\/\\\/ebenezer-oe.org\\\/fr\\\/conference-internationale-2024\\\/#breadcrumb\",\"itemListElement\":[{\"@type\":\"ListItem\",\"position\":1,\"name\":\"Home\",\"item\":\"https:\\\/\\\/ebenezer-oe.org\\\/fr\\\/\"},{\"@type\":\"ListItem\",\"position\":2,\"name\":\"Conf\u00e9rence Internationale 2024\"}]},{\"@type\":\"WebSite\",\"@id\":\"https:\\\/\\\/ebenezer-oe.org\\\/#website\",\"url\":\"https:\\\/\\\/ebenezer-oe.org\\\/\",\"name\":\"Ebenezer - Operation Exodus\",\"description\":\"\",\"publisher\":{\"@id\":\"https:\\\/\\\/ebenezer-oe.org\\\/#organization\"},\"potentialAction\":[{\"@type\":\"SearchAction\",\"target\":{\"@type\":\"EntryPoint\",\"urlTemplate\":\"https:\\\/\\\/ebenezer-oe.org\\\/?s={search_term_string}\"},\"query-input\":{\"@type\":\"PropertyValueSpecification\",\"valueRequired\":true,\"valueName\":\"search_term_string\"}}],\"inLanguage\":\"fr-FR\"},{\"@type\":\"Organization\",\"@id\":\"https:\\\/\\\/ebenezer-oe.org\\\/#organization\",\"name\":\"Ebenezer - Operation Exodus\",\"url\":\"https:\\\/\\\/ebenezer-oe.org\\\/\",\"logo\":{\"@type\":\"ImageObject\",\"inLanguage\":\"fr-FR\",\"@id\":\"https:\\\/\\\/ebenezer-oe.org\\\/#\\\/schema\\\/logo\\\/image\\\/\",\"url\":\"https:\\\/\\\/ebenezeroe.wpengine.com\\\/wp-content\\\/uploads\\\/2020\\\/09\\\/Logo_EOE_EN_Colour-Horizontal.png\",\"contentUrl\":\"https:\\\/\\\/ebenezeroe.wpengine.com\\\/wp-content\\\/uploads\\\/2020\\\/09\\\/Logo_EOE_EN_Colour-Horizontal.png\",\"width\":1922,\"height\":928,\"caption\":\"Ebenezer - Operation Exodus\"},\"image\":{\"@id\":\"https:\\\/\\\/ebenezer-oe.org\\\/#\\\/schema\\\/logo\\\/image\\\/\"},\"sameAs\":[\"https:\\\/\\\/www.facebook.com\\\/EbenezerInt\",\"https:\\\/\\\/www.instagram.com\\\/ebenezer_oe_eng\\\/\",\"https:\\\/\\\/www.youtube.com\\\/channel\\\/UC6qGHrKKeamFVz95Vd8LR1g\"]}]}<\/script>\n<!-- \/ Yoast SEO plugin. -->","yoast_head_json":{"title":"Conf\u00e9rence Internationale 2024 - Ebenezer Operation Exodus","robots":{"index":"index","follow":"follow","max-snippet":"max-snippet:-1","max-image-preview":"max-image-preview:large","max-video-preview":"max-video-preview:-1"},"canonical":"https:\/\/ebenezer-oe.org\/fr\/conference-internationale-2024\/","og_locale":"fr_FR","og_type":"article","og_title":"Conf\u00e9rence Internationale 2024 - Ebenezer Operation Exodus","og_description":"Les r\u00e9servations sont ouvertes ! CONF\u00c9RENCE EBENEZER INTERNATIONALE J\u00e9rusalem 17 &#8211; 22 novembre 2024 Lumi\u00e8re dans les T\u00e9n\u00e8bres \u00ab\u00a0L\u00e8ve-toi, brille, car ta lumi\u00e8re para\u00eet, et la gloire de l&rsquo;\u00c9ternel se l\u00e8ve sur toi. Car voici que les t\u00e9n\u00e8bres couvrent la terre et l&rsquo;obscurit\u00e9 les peuples, mais sur toi l&rsquo;\u00c9ternel se l\u00e8ve, sur toi sa gloire&hellip;","og_url":"https:\/\/ebenezer-oe.org\/fr\/conference-internationale-2024\/","og_site_name":"Ebenezer Operation Exodus","article_publisher":"https:\/\/www.facebook.com\/EbenezerInt","article_modified_time":"2024-10-03T16:32:50+00:00","og_image":[{"url":"https:\/\/ebenezeroe.wpengine.com\/wp-content\/uploads\/2023\/05\/item_97480.png","type":"","width":"","height":""}],"twitter_card":"summary_large_image","twitter_misc":{"Dur\u00e9e de lecture estim\u00e9e":"4 minutes"},"schema":{"@context":"https:\/\/schema.org","@graph":[{"@type":"WebPage","@id":"https:\/\/ebenezer-oe.org\/fr\/conference-internationale-2024\/","url":"https:\/\/ebenezer-oe.org\/fr\/conference-internationale-2024\/","name":"Conf\u00e9rence Internationale 2024 - Ebenezer Operation Exodus","isPartOf":{"@id":"https:\/\/ebenezer-oe.org\/#website"},"primaryImageOfPage":{"@id":"https:\/\/ebenezer-oe.org\/fr\/conference-internationale-2024\/#primaryimage"},"image":{"@id":"https:\/\/ebenezer-oe.org\/fr\/conference-internationale-2024\/#primaryimage"},"thumbnailUrl":"https:\/\/ebenezeroe.wpengine.com\/wp-content\/uploads\/2023\/05\/item_97480.png","datePublished":"2023-11-16T12:17:59+00:00","dateModified":"2024-10-03T16:32:50+00:00","breadcrumb":{"@id":"https:\/\/ebenezer-oe.org\/fr\/conference-internationale-2024\/#breadcrumb"},"inLanguage":"fr-FR","potentialAction":[{"@type":"ReadAction","target":["https:\/\/ebenezer-oe.org\/fr\/conference-internationale-2024\/"]}]},{"@type":"ImageObject","inLanguage":"fr-FR","@id":"https:\/\/ebenezer-oe.org\/fr\/conference-internationale-2024\/#primaryimage","url":"https:\/\/ebenezeroe.wpengine.com\/wp-content\/uploads\/2023\/05\/item_97480.png","contentUrl":"https:\/\/ebenezeroe.wpengine.com\/wp-content\/uploads\/2023\/05\/item_97480.png"},{"@type":"BreadcrumbList","@id":"https:\/\/ebenezer-oe.org\/fr\/conference-internationale-2024\/#breadcrumb","itemListElement":[{"@type":"ListItem","position":1,"name":"Home","item":"https:\/\/ebenezer-oe.org\/fr\/"},{"@type":"ListItem","position":2,"name":"Conf\u00e9rence Internationale 2024"}]},{"@type":"WebSite","@id":"https:\/\/ebenezer-oe.org\/#website","url":"https:\/\/ebenezer-oe.org\/","name":"Ebenezer - Operation Exodus","description":"","publisher":{"@id":"https:\/\/ebenezer-oe.org\/#organization"},"potentialAction":[{"@type":"SearchAction","target":{"@type":"EntryPoint","urlTemplate":"https:\/\/ebenezer-oe.org\/?s={search_term_string}"},"query-input":{"@type":"PropertyValueSpecification","valueRequired":true,"valueName":"search_term_string"}}],"inLanguage":"fr-FR"},{"@type":"Organization","@id":"https:\/\/ebenezer-oe.org\/#organization","name":"Ebenezer - Operation Exodus","url":"https:\/\/ebenezer-oe.org\/","logo":{"@type":"ImageObject","inLanguage":"fr-FR","@id":"https:\/\/ebenezer-oe.org\/#\/schema\/logo\/image\/","url":"https:\/\/ebenezeroe.wpengine.com\/wp-content\/uploads\/2020\/09\/Logo_EOE_EN_Colour-Horizontal.png","contentUrl":"https:\/\/ebenezeroe.wpengine.com\/wp-content\/uploads\/2020\/09\/Logo_EOE_EN_Colour-Horizontal.png","width":1922,"height":928,"caption":"Ebenezer - Operation Exodus"},"image":{"@id":"https:\/\/ebenezer-oe.org\/#\/schema\/logo\/image\/"},"sameAs":["https:\/\/www.facebook.com\/EbenezerInt","https:\/\/www.instagram.com\/ebenezer_oe_eng\/","https:\/\/www.youtube.com\/channel\/UC6qGHrKKeamFVz95Vd8LR1g"]}]}},"_links":{"self":[{"href":"https:\/\/ebenezer-oe.org\/fr\/wp-json\/wp\/v2\/pages\/103888","targetHints":{"allow":["GET"]}}],"collection":[{"href":"https:\/\/ebenezer-oe.org\/fr\/wp-json\/wp\/v2\/pages"}],"about":[{"href":"https:\/\/ebenezer-oe.org\/fr\/wp-json\/wp\/v2\/types\/page"}],"author":[{"embeddable":true,"href":"https:\/\/ebenezer-oe.org\/fr\/wp-json\/wp\/v2\/users\/2"}],"replies":[{"embeddable":true,"href":"https:\/\/ebenezer-oe.org\/fr\/wp-json\/wp\/v2\/comments?post=103888"}],"version-history":[{"count":0,"href":"https:\/\/ebenezer-oe.org\/fr\/wp-json\/wp\/v2\/pages\/103888\/revisions"}],"wp:attachment":[{"href":"https:\/\/ebenezer-oe.org\/fr\/wp-json\/wp\/v2\/media?parent=103888"}],"curies":[{"name":"wp","href":"https:\/\/api.w.org\/{rel}","templated":true}]}}