{"id":5622,"date":"2021-07-20T14:11:08","date_gmt":"2021-07-20T14:11:08","guid":{"rendered":"https:\/\/ebenezer-oe.org\/a-propos-de-nous\/fondement-de-la-priere\/"},"modified":"2023-07-25T13:14:24","modified_gmt":"2023-07-25T13:14:24","slug":"fondement-de-la-priere","status":"publish","type":"page","link":"https:\/\/ebenezer-oe.org\/fr\/a-propos-de-nous\/fondement-de-la-priere\/","title":{"rendered":"Fondement de la pri\u00e8re"},"content":{"rendered":"\n<h1>\n\t\tFondement de la pri\u00e8re\n\t<\/h1>\n\t<p>Depuis le jour o\u00f9 Ebenezer Operation Exodus a \u00e9t\u00e9 cr\u00e9\u00e9, nous sommes une organisation d&rsquo;intercession avec une mission proph\u00e9tique.<\/p>\n\t<p>Apr\u00e8s la chute miraculeuse du Rideau de Fer, de 1991 \u00e0 2000, l&rsquo;Eternel nous a conduits \u00e0 prier pour le peuple juif d&rsquo;ex-Union sovi\u00e9tique et \u00e0 les aider \u00e0 revenir en Isra\u00ebl par bateau. Cette compr\u00e9hension s&rsquo;est ensuite \u00e9largie pour englober un retour mondial du peuple juif en Isra\u00ebl <em>(&lsquo;Aliya&rsquo; en h\u00e9breu)<\/em>. Cela n&rsquo;est arriv\u00e9 que gr\u00e2ce \u00e0 la pri\u00e8re et \u00e0 l&rsquo;intercession.<\/p>\n\t<p><em>\u00ab\u00a0Sur tes murs, J\u00e9rusalem, j&rsquo;ai plac\u00e9 des gardes; ils ne se tairont ni jour ni nuit. Vous qui la rappelez au souvenir de l&rsquo;\u00c9ternel, point de repos pour vous! Et ne lui laissez aucune rel\u00e2che, jusqu&rsquo;\u00e0 ce qu&rsquo;il r\u00e9tablisse J\u00e9rusalem et la rende glorieuse sur la terre.\u00a0\u00bb<\/em><\/p>\n<p>Esa\u00efe 62:6-7<\/p>\n<h4>\n\t\tL&rsquo;intercession est une pri\u00e8re d&rsquo;identification.\n\t<\/h4>\n\t<p>Elle est la connexion \u00e0 travers la pri\u00e8re avec la personne ou le sujet pour lequel nous prions. C&rsquo;est r\u00e9pondre au Saint-Esprit et s&rsquo;identifier avec ce qui est sur le c\u0153ur de Dieu et selon Ses plans. La Bible explique que le minist\u00e8re de J\u00e9sus est l&rsquo;intercession: <i>\u00ab\u00a0Qui les condamnera? Christ est mort; bien plus, il est ressuscit\u00e9, il est \u00e0 la droite de Dieu, et il interc\u00e8de pour nous!\u00a0\u00bb<\/i> (Romains 8:34). <\/p>\n\t<meta itemprop=\"url\" content=\"https:\/\/ebenezer-oe.org\/wp-content\/uploads\/2021\/05\/Prayer.mp4\" \/><div style=\"width: 640px;\" class=\"wp-video\"><video muted class=\"wp-video-shortcode\" id=\"video-5622-1\" width=\"640\" height=\"360\" poster=\"https:\/\/ebenezeroe.wpengine.com\/wp-content\/uploads\/2021\/02\/pray.png\" loop autoplay preload=\"none\" controls=\"controls\"><source type=\"video\/mp4\" src=\"https:\/\/ebenezer-oe.org\/wp-content\/uploads\/2021\/05\/Prayer.mp4?_=1\" \/><a href=\"https:\/\/ebenezer-oe.org\/wp-content\/uploads\/2021\/05\/Prayer.mp4\">https:\/\/ebenezer-oe.org\/wp-content\/uploads\/2021\/05\/Prayer.mp4<\/a><\/video><\/div>\n\t<p>Daniel fut \u00e9galement un intercesseur. Il reconnut dans la proph\u00e9tie de J\u00e9r\u00e9mie que les 70 ans de captivit\u00e9 \u00e0 Babylone seraient bient\u00f4t termin\u00e9s. Il s&rsquo;identifia avec la nation d&rsquo;Isra\u00ebl et implora dans la pri\u00e8re pour leur libert\u00e9 et leur restauration (Daniel 9:1-3). Daniel comprenait le c\u0153ur de Dieu, mais il savait que la pri\u00e8re \u00e9tait requise pour que la proph\u00e9tie soit accomplie. J\u00e9sus confirma cela lorsqu&rsquo;Il enseigna que nous devons avoir pour objectif de prier pour que la volont\u00e9 de Dieu soit faite, pour qu&rsquo;Il soit glorifi\u00e9 (Matthieu 6:9-10).<\/p>\n\t\t\t<img decoding=\"async\" data-src=\"https:\/\/ebenezeroe.wpengine.com\/wp-content\/uploads\/2021\/05\/13.png\" alt=\"\" src=\"data:image\/svg+xml;base64,PHN2ZyB3aWR0aD0iMSIgaGVpZ2h0PSIxIiB4bWxucz0iaHR0cDovL3d3dy53My5vcmcvMjAwMC9zdmciPjwvc3ZnPg==\" class=\"lazyload\" \/>\t\t\t\n\t\t\t<img decoding=\"async\" data-src=\"https:\/\/ebenezeroe.wpengine.com\/wp-content\/uploads\/2021\/05\/14.png\" alt=\"\" src=\"data:image\/svg+xml;base64,PHN2ZyB3aWR0aD0iMSIgaGVpZ2h0PSIxIiB4bWxucz0iaHR0cDovL3d3dy53My5vcmcvMjAwMC9zdmciPjwvc3ZnPg==\" class=\"lazyload\" \/>\t\t\t\n\t<p>Le Dr Kingsley Priddy du Coll\u00e8ge biblique du Pays de Galles fut un ami cher \u00e0 Gustav et un partenaire de pri\u00e8re d&rsquo;Ebenezer Operation Exodus pendant de nombreuses ann\u00e9es. Dans une lettre, il \u00e9crivit \u00e0 propos de notre appel \u00e0 prier pour le retour du peuple juif sur la terre d&rsquo;Isra\u00ebl:<\/p>\n\t<p>\u00ab\u00a0C&rsquo;est ainsi que le Saint-Esprit utilise Operation Exodus pour obtenir une position d&rsquo;intercession pour le retour des Juifs de toutes les parties du monde. Bien que cel\u00e0 soit clairement pr\u00e9dit dans l&rsquo;\u00c9criture et que son accomplissement soit certain, cela ne se produira pas automatiquement. Dieu a pr\u00e9dit par J\u00e9r\u00e9mie que les Juifs reviendraient de Babylone apr\u00e8s 70 ans, mais il a fallu l&rsquo;intercession de Daniel lorsque ce temps devait s&rsquo;accomplir.\u00a0\u00bb<\/p>\n<p>Dr Kingsley Priddy<\/p>\n\t<p>C&rsquo;est maintenant que l&rsquo;Eternel nous a appel\u00e9s \u00e0 agir: \u00e0 nous tenir sur les promesses dans la Parole de Dieu concernant Isra\u00ebl et le peuple juif et \u00e0 prier pour leur accomplissement. C&rsquo;est pourquoi, notre objectif est d&rsquo;\u00eatre conduits par le Saint-Esprit dans la pri\u00e8re et l&rsquo;intercession pour l&rsquo;Aliya.<\/p>\n<p>&nbsp;<\/p>\n<h2>\n\t\tVersets-cl\u00e9s\n\t<\/h2>\n<h3>\n\t\t01\n\t<\/h3>\n<h3>\n\t\tEsa\u00efe 62:10\n\t<\/h3>\n\t<p><em>\u00ab\u00a0Franchissez, franchissez les portes! Pr\u00e9parez un chemin pour le peuple! Frayez, frayez la route, \u00f4tez les pierres! \u00c9levez une banni\u00e8re vers les peuples!\u00a0\u00bb<\/em> <\/p>\n<h3>\n\t\t02\n\t<\/h3>\n<h3>\n\t\tEsa\u00efe 62:6-7\n\t<\/h3>\n\t<p><em>\u00ab\u00a0Sur tes murs, J\u00e9rusalem, j&rsquo;ai plac\u00e9 des gardes; ils ne se tairont ni jour ni nuit. Vous qui la rappelez au souvenir de l&rsquo;\u00c9ternel, point de repos pour vous! Et ne lui laissez aucune rel\u00e2che, jusqu&rsquo;\u00e0 ce qu&rsquo;il r\u00e9tablisse J\u00e9rusalem et la rende glorieuse sur la terre.\u00a0\u00bb<\/em><\/p>\n<h3>\n\t\t03\n\t<\/h3>\n<h3>\n\t\tJ\u00e9r\u00e9mie 32:41\n\t<\/h3>\n\t<p><em>\u00ab\u00a0Je prendrai plaisir \u00e0 leur faire du bien, et je les planterai v\u00e9ritablement dans ce pays, de tout mon c\u0153ur et de toute mon \u00e2me.\u00a0\u00bb<\/em><\/p>\n<h2>\n\t\tNotre ligne de conduite pour des temps de pri\u00e8re efficaces\n\t<\/h2>\n\t<p><em>Avant de se r\u00e9unir, nous devrions nous examiner nous-m\u00eames pour voir si quelque chose doit \u00eatre r\u00e9gl\u00e9 avec Dieu ou avec quelqu&rsquo;un d&rsquo;autre.<\/em><\/p>\n\t<p><em>Nous commen\u00e7ons dans la louange puis entrons dans l&rsquo;adoration. <\/em><\/p>\n\t<p><em>Nous laissons de c\u00f4t\u00e9 nos agendas personnels afin de servir l&rsquo;Eternel dans l&rsquo;intercession.<\/em><\/p>\n\t<p><em>Nous prenons le temps d&rsquo;\u00e9couter l&rsquo;Eternel; nous cherchons \u00e0 \u00eatre conduits par le Saint-Esprit pour savoir comment prier.<\/em><\/p>\n\t<p><em>Nous avons un ou une responsable qui est sensible \u00e0 la direction du Saint-Esprit et nous nous soumettons \u00e0 son autorit\u00e9.<\/em><\/p>\n\t<p><em>Nous d\u00e9clarons ensemble la seigneurie de J\u00e9sus sur notre temps de pri\u00e8re.<\/em><\/p>\n\t<p><em>Nous sommes sensibles \u00e0 la direction de l&rsquo;Eternel mais nous sommes \u00e9galement audacieux pour prier, proph\u00e9tiser ou partager selon la conduite du Saint-Esprit.<\/em><\/p>\n\t<p><em>Notre pri\u00e8re est efficace lorsque nous sommes dans l&rsquo;unit\u00e9.<\/em><\/p>\n\t<p>Rejoindre le minist\u00e8re de pri\u00e8re d&rsquo;Ebenezer<\/p>\n\t<p>Si vous souhaitez rejoindre notre minist\u00e8re de pri\u00e8re et devenir un partenaire, nous vous invitons \u00e0 nous contacter.<\/p>\n\t\t\t<a href=\"https:\/\/ebenezer-oe.org\/fr\/contactez-nous\/\" target=\"_self\" rel=\"noopener\">\n\t\t\t\t\t\t\tContactez-nous\n\t\t\t\t\t<\/a>\n\n","protected":false},"excerpt":{"rendered":"<p>Fondement de la pri\u00e8re Depuis le jour o\u00f9 Ebenezer Operation Exodus a \u00e9t\u00e9 cr\u00e9\u00e9, nous sommes une organisation d&rsquo;intercession avec une mission proph\u00e9tique. Apr\u00e8s la chute miraculeuse du Rideau de Fer, de 1991 \u00e0 2000, l&rsquo;Eternel nous a conduits \u00e0 prier pour le peuple juif d&rsquo;ex-Union sovi\u00e9tique et \u00e0 les aider \u00e0 revenir en Isra\u00ebl&hellip;<\/p>\n","protected":false},"author":1,"featured_media":0,"parent":5226,"menu_order":3,"comment_status":"closed","ping_status":"closed","template":"","meta":{"footnotes":""},"class_list":["post-5622","page","type-page","status-publish","hentry"],"yoast_head":"<!-- This site is optimized with the Yoast SEO plugin v27.4 - https:\/\/yoast.com\/product\/yoast-seo-wordpress\/ -->\n<title>Fondement de la pri\u00e8re - Ebenezer Operation Exodus<\/title>\n<meta name=\"robots\" content=\"index, follow, max-snippet:-1, max-image-preview:large, max-video-preview:-1\" \/>\n<link rel=\"canonical\" href=\"https:\/\/ebenezer-oe.org\/fr\/a-propos-de-nous\/fondement-de-la-priere\/\" \/>\n<meta property=\"og:locale\" content=\"fr_FR\" \/>\n<meta property=\"og:type\" content=\"article\" \/>\n<meta property=\"og:title\" content=\"Fondement de la pri\u00e8re - Ebenezer Operation Exodus\" \/>\n<meta property=\"og:description\" content=\"Fondement de la pri\u00e8re Depuis le jour o\u00f9 Ebenezer Operation Exodus a \u00e9t\u00e9 cr\u00e9\u00e9, nous sommes une organisation d&rsquo;intercession avec une mission proph\u00e9tique. Apr\u00e8s la chute miraculeuse du Rideau de Fer, de 1991 \u00e0 2000, l&rsquo;Eternel nous a conduits \u00e0 prier pour le peuple juif d&rsquo;ex-Union sovi\u00e9tique et \u00e0 les aider \u00e0 revenir en Isra\u00ebl&hellip;\" \/>\n<meta property=\"og:url\" content=\"https:\/\/ebenezer-oe.org\/fr\/a-propos-de-nous\/fondement-de-la-priere\/\" \/>\n<meta property=\"og:site_name\" content=\"Ebenezer Operation Exodus\" \/>\n<meta property=\"article:publisher\" content=\"https:\/\/www.facebook.com\/EbenezerInt\" \/>\n<meta property=\"article:modified_time\" content=\"2023-07-25T13:14:24+00:00\" \/>\n<meta property=\"og:image\" content=\"https:\/\/ebenezeroe.wpengine.com\/wp-content\/uploads\/2021\/05\/13.png\" \/>\n<meta name=\"twitter:card\" content=\"summary_large_image\" \/>\n<meta name=\"twitter:label1\" content=\"Dur\u00e9e de lecture estim\u00e9e\" \/>\n\t<meta name=\"twitter:data1\" content=\"4 minutes\" \/>\n<script type=\"application\/ld+json\" class=\"yoast-schema-graph\">{\"@context\":\"https:\\\/\\\/schema.org\",\"@graph\":[{\"@type\":\"WebPage\",\"@id\":\"https:\\\/\\\/ebenezer-oe.org\\\/fr\\\/a-propos-de-nous\\\/fondement-de-la-priere\\\/\",\"url\":\"https:\\\/\\\/ebenezer-oe.org\\\/fr\\\/a-propos-de-nous\\\/fondement-de-la-priere\\\/\",\"name\":\"Fondement de la pri\u00e8re - Ebenezer Operation Exodus\",\"isPartOf\":{\"@id\":\"https:\\\/\\\/ebenezer-oe.org\\\/#website\"},\"primaryImageOfPage\":{\"@id\":\"https:\\\/\\\/ebenezer-oe.org\\\/fr\\\/a-propos-de-nous\\\/fondement-de-la-priere\\\/#primaryimage\"},\"image\":{\"@id\":\"https:\\\/\\\/ebenezer-oe.org\\\/fr\\\/a-propos-de-nous\\\/fondement-de-la-priere\\\/#primaryimage\"},\"thumbnailUrl\":\"https:\\\/\\\/ebenezeroe.wpengine.com\\\/wp-content\\\/uploads\\\/2021\\\/05\\\/13.png\",\"datePublished\":\"2021-07-20T14:11:08+00:00\",\"dateModified\":\"2023-07-25T13:14:24+00:00\",\"breadcrumb\":{\"@id\":\"https:\\\/\\\/ebenezer-oe.org\\\/fr\\\/a-propos-de-nous\\\/fondement-de-la-priere\\\/#breadcrumb\"},\"inLanguage\":\"fr-FR\",\"potentialAction\":[{\"@type\":\"ReadAction\",\"target\":[\"https:\\\/\\\/ebenezer-oe.org\\\/fr\\\/a-propos-de-nous\\\/fondement-de-la-priere\\\/\"]}]},{\"@type\":\"ImageObject\",\"inLanguage\":\"fr-FR\",\"@id\":\"https:\\\/\\\/ebenezer-oe.org\\\/fr\\\/a-propos-de-nous\\\/fondement-de-la-priere\\\/#primaryimage\",\"url\":\"https:\\\/\\\/ebenezeroe.wpengine.com\\\/wp-content\\\/uploads\\\/2021\\\/05\\\/13.png\",\"contentUrl\":\"https:\\\/\\\/ebenezeroe.wpengine.com\\\/wp-content\\\/uploads\\\/2021\\\/05\\\/13.png\"},{\"@type\":\"BreadcrumbList\",\"@id\":\"https:\\\/\\\/ebenezer-oe.org\\\/fr\\\/a-propos-de-nous\\\/fondement-de-la-priere\\\/#breadcrumb\",\"itemListElement\":[{\"@type\":\"ListItem\",\"position\":1,\"name\":\"Home\",\"item\":\"https:\\\/\\\/ebenezer-oe.org\\\/fr\\\/\"},{\"@type\":\"ListItem\",\"position\":2,\"name\":\"\u00c0 propos de nous\",\"item\":\"https:\\\/\\\/ebenezer-oe.org\\\/fr\\\/a-propos-de-nous\\\/\"},{\"@type\":\"ListItem\",\"position\":3,\"name\":\"Fondement de la pri\u00e8re\"}]},{\"@type\":\"WebSite\",\"@id\":\"https:\\\/\\\/ebenezer-oe.org\\\/#website\",\"url\":\"https:\\\/\\\/ebenezer-oe.org\\\/\",\"name\":\"Ebenezer - Operation Exodus\",\"description\":\"\",\"publisher\":{\"@id\":\"https:\\\/\\\/ebenezer-oe.org\\\/#organization\"},\"potentialAction\":[{\"@type\":\"SearchAction\",\"target\":{\"@type\":\"EntryPoint\",\"urlTemplate\":\"https:\\\/\\\/ebenezer-oe.org\\\/?s={search_term_string}\"},\"query-input\":{\"@type\":\"PropertyValueSpecification\",\"valueRequired\":true,\"valueName\":\"search_term_string\"}}],\"inLanguage\":\"fr-FR\"},{\"@type\":\"Organization\",\"@id\":\"https:\\\/\\\/ebenezer-oe.org\\\/#organization\",\"name\":\"Ebenezer - Operation Exodus\",\"url\":\"https:\\\/\\\/ebenezer-oe.org\\\/\",\"logo\":{\"@type\":\"ImageObject\",\"inLanguage\":\"fr-FR\",\"@id\":\"https:\\\/\\\/ebenezer-oe.org\\\/#\\\/schema\\\/logo\\\/image\\\/\",\"url\":\"https:\\\/\\\/ebenezeroe.wpengine.com\\\/wp-content\\\/uploads\\\/2020\\\/09\\\/Logo_EOE_EN_Colour-Horizontal.png\",\"contentUrl\":\"https:\\\/\\\/ebenezeroe.wpengine.com\\\/wp-content\\\/uploads\\\/2020\\\/09\\\/Logo_EOE_EN_Colour-Horizontal.png\",\"width\":1922,\"height\":928,\"caption\":\"Ebenezer - Operation Exodus\"},\"image\":{\"@id\":\"https:\\\/\\\/ebenezer-oe.org\\\/#\\\/schema\\\/logo\\\/image\\\/\"},\"sameAs\":[\"https:\\\/\\\/www.facebook.com\\\/EbenezerInt\",\"https:\\\/\\\/www.instagram.com\\\/ebenezer_oe_eng\\\/\",\"https:\\\/\\\/www.youtube.com\\\/channel\\\/UC6qGHrKKeamFVz95Vd8LR1g\"]}]}<\/script>\n<!-- \/ Yoast SEO plugin. -->","yoast_head_json":{"title":"Fondement de la pri\u00e8re - Ebenezer Operation Exodus","robots":{"index":"index","follow":"follow","max-snippet":"max-snippet:-1","max-image-preview":"max-image-preview:large","max-video-preview":"max-video-preview:-1"},"canonical":"https:\/\/ebenezer-oe.org\/fr\/a-propos-de-nous\/fondement-de-la-priere\/","og_locale":"fr_FR","og_type":"article","og_title":"Fondement de la pri\u00e8re - Ebenezer Operation Exodus","og_description":"Fondement de la pri\u00e8re Depuis le jour o\u00f9 Ebenezer Operation Exodus a \u00e9t\u00e9 cr\u00e9\u00e9, nous sommes une organisation d&rsquo;intercession avec une mission proph\u00e9tique. Apr\u00e8s la chute miraculeuse du Rideau de Fer, de 1991 \u00e0 2000, l&rsquo;Eternel nous a conduits \u00e0 prier pour le peuple juif d&rsquo;ex-Union sovi\u00e9tique et \u00e0 les aider \u00e0 revenir en Isra\u00ebl&hellip;","og_url":"https:\/\/ebenezer-oe.org\/fr\/a-propos-de-nous\/fondement-de-la-priere\/","og_site_name":"Ebenezer Operation Exodus","article_publisher":"https:\/\/www.facebook.com\/EbenezerInt","article_modified_time":"2023-07-25T13:14:24+00:00","og_image":[{"url":"https:\/\/ebenezeroe.wpengine.com\/wp-content\/uploads\/2021\/05\/13.png","type":"","width":"","height":""}],"twitter_card":"summary_large_image","twitter_misc":{"Dur\u00e9e de lecture estim\u00e9e":"4 minutes"},"schema":{"@context":"https:\/\/schema.org","@graph":[{"@type":"WebPage","@id":"https:\/\/ebenezer-oe.org\/fr\/a-propos-de-nous\/fondement-de-la-priere\/","url":"https:\/\/ebenezer-oe.org\/fr\/a-propos-de-nous\/fondement-de-la-priere\/","name":"Fondement de la pri\u00e8re - Ebenezer Operation Exodus","isPartOf":{"@id":"https:\/\/ebenezer-oe.org\/#website"},"primaryImageOfPage":{"@id":"https:\/\/ebenezer-oe.org\/fr\/a-propos-de-nous\/fondement-de-la-priere\/#primaryimage"},"image":{"@id":"https:\/\/ebenezer-oe.org\/fr\/a-propos-de-nous\/fondement-de-la-priere\/#primaryimage"},"thumbnailUrl":"https:\/\/ebenezeroe.wpengine.com\/wp-content\/uploads\/2021\/05\/13.png","datePublished":"2021-07-20T14:11:08+00:00","dateModified":"2023-07-25T13:14:24+00:00","breadcrumb":{"@id":"https:\/\/ebenezer-oe.org\/fr\/a-propos-de-nous\/fondement-de-la-priere\/#breadcrumb"},"inLanguage":"fr-FR","potentialAction":[{"@type":"ReadAction","target":["https:\/\/ebenezer-oe.org\/fr\/a-propos-de-nous\/fondement-de-la-priere\/"]}]},{"@type":"ImageObject","inLanguage":"fr-FR","@id":"https:\/\/ebenezer-oe.org\/fr\/a-propos-de-nous\/fondement-de-la-priere\/#primaryimage","url":"https:\/\/ebenezeroe.wpengine.com\/wp-content\/uploads\/2021\/05\/13.png","contentUrl":"https:\/\/ebenezeroe.wpengine.com\/wp-content\/uploads\/2021\/05\/13.png"},{"@type":"BreadcrumbList","@id":"https:\/\/ebenezer-oe.org\/fr\/a-propos-de-nous\/fondement-de-la-priere\/#breadcrumb","itemListElement":[{"@type":"ListItem","position":1,"name":"Home","item":"https:\/\/ebenezer-oe.org\/fr\/"},{"@type":"ListItem","position":2,"name":"\u00c0 propos de nous","item":"https:\/\/ebenezer-oe.org\/fr\/a-propos-de-nous\/"},{"@type":"ListItem","position":3,"name":"Fondement de la pri\u00e8re"}]},{"@type":"WebSite","@id":"https:\/\/ebenezer-oe.org\/#website","url":"https:\/\/ebenezer-oe.org\/","name":"Ebenezer - Operation Exodus","description":"","publisher":{"@id":"https:\/\/ebenezer-oe.org\/#organization"},"potentialAction":[{"@type":"SearchAction","target":{"@type":"EntryPoint","urlTemplate":"https:\/\/ebenezer-oe.org\/?s={search_term_string}"},"query-input":{"@type":"PropertyValueSpecification","valueRequired":true,"valueName":"search_term_string"}}],"inLanguage":"fr-FR"},{"@type":"Organization","@id":"https:\/\/ebenezer-oe.org\/#organization","name":"Ebenezer - Operation Exodus","url":"https:\/\/ebenezer-oe.org\/","logo":{"@type":"ImageObject","inLanguage":"fr-FR","@id":"https:\/\/ebenezer-oe.org\/#\/schema\/logo\/image\/","url":"https:\/\/ebenezeroe.wpengine.com\/wp-content\/uploads\/2020\/09\/Logo_EOE_EN_Colour-Horizontal.png","contentUrl":"https:\/\/ebenezeroe.wpengine.com\/wp-content\/uploads\/2020\/09\/Logo_EOE_EN_Colour-Horizontal.png","width":1922,"height":928,"caption":"Ebenezer - Operation Exodus"},"image":{"@id":"https:\/\/ebenezer-oe.org\/#\/schema\/logo\/image\/"},"sameAs":["https:\/\/www.facebook.com\/EbenezerInt","https:\/\/www.instagram.com\/ebenezer_oe_eng\/","https:\/\/www.youtube.com\/channel\/UC6qGHrKKeamFVz95Vd8LR1g"]}]}},"_links":{"self":[{"href":"https:\/\/ebenezer-oe.org\/fr\/wp-json\/wp\/v2\/pages\/5622","targetHints":{"allow":["GET"]}}],"collection":[{"href":"https:\/\/ebenezer-oe.org\/fr\/wp-json\/wp\/v2\/pages"}],"about":[{"href":"https:\/\/ebenezer-oe.org\/fr\/wp-json\/wp\/v2\/types\/page"}],"author":[{"embeddable":true,"href":"https:\/\/ebenezer-oe.org\/fr\/wp-json\/wp\/v2\/users\/1"}],"replies":[{"embeddable":true,"href":"https:\/\/ebenezer-oe.org\/fr\/wp-json\/wp\/v2\/comments?post=5622"}],"version-history":[{"count":0,"href":"https:\/\/ebenezer-oe.org\/fr\/wp-json\/wp\/v2\/pages\/5622\/revisions"}],"up":[{"embeddable":true,"href":"https:\/\/ebenezer-oe.org\/fr\/wp-json\/wp\/v2\/pages\/5226"}],"wp:attachment":[{"href":"https:\/\/ebenezer-oe.org\/fr\/wp-json\/wp\/v2\/media?parent=5622"}],"curies":[{"name":"wp","href":"https:\/\/api.w.org\/{rel}","templated":true}]}}