{"id":42887,"date":"2021-10-11T14:34:24","date_gmt":"2021-10-11T14:34:24","guid":{"rendered":"https:\/\/ebenezer-oe.org\/sobre-nos\/fundacao-de-oracao\/"},"modified":"2023-07-26T08:35:21","modified_gmt":"2023-07-26T08:35:21","slug":"fundacao-de-oracao","status":"publish","type":"page","link":"https:\/\/ebenezer-oe.org\/pt-br\/sobre-nos\/fundacao-de-oracao\/","title":{"rendered":"Funda\u00e7\u00e3o De Ora\u00e7\u00e3o"},"content":{"rendered":"\n<h1>\n\t\tFunda\u00e7\u00e3o De Ora\u00e7\u00e3o\n\t<\/h1>\n\t<p>Desde o dia em que a Opera\u00e7\u00e3o \u00caxodo Eben\u00e9zer come\u00e7ou, ela tem sido um minist\u00e9rio de intercess\u00e3o com uma tarefa prof\u00e9tica.<\/p>\n\t<p>Ap\u00f3s a queda milagrosa da Cortina de Ferro, de 1991 a 2000 o Senhor nos levou a orar pelo povo Judeu da ex-Uni\u00e3o Sovi\u00e9tica e a ajud\u00e1-los de navio em sua jornada de volta para Israel. Essa compreens\u00e3o de Seu cora\u00e7\u00e3o ent\u00e3o se ampliou para abranger um retorno mundial do povo Judeu a Israel <em>(Aliyah em hebraico)<\/em>. Isso s\u00f3 aconteceria com ora\u00e7\u00e3o e intercess\u00e3o.<\/p>\n\t<p><em>&#8216;Sobre os teus muros, \u00f3 Jerusal\u00e9m, pus guardas, que todo o dia e toda a noite jamais se calar\u00e3o. V\u00f3s, os que fareis lembrado o SENHOR, n\u00e3o descanseis, nem deis a ele descanso at\u00e9 que restabele\u00e7a Jerusal\u00e9m e a ponha por objeto de louvor na terra.&#8217;<\/em><\/p>\n<p>Isa\u00edas 62: 6-7<\/p>\n<h4>\n\t\tA intercess\u00e3o \u00e9 uma ora\u00e7\u00e3o de identifica\u00e7\u00e3o.\n\t<\/h4>\n\t<p>\u00c9 conectar-se por meio da ora\u00e7\u00e3o com o assunto ou com as pessoas pelas quais oramos. \u00c9 responder \u00e0 lideran\u00e7a do Esp\u00edrito Santo e se identificar com o que est\u00e1 no cora\u00e7\u00e3o de Deus e com Seus planos. Na verdade, a B\u00edblia diz que o minist\u00e9rio de Jesus agora \u00e9 intercess\u00e3o; <i>&#8220;\u00c9 Cristo Jesus quem morreu ou, antes, quem ressuscitou, o qual est\u00e1 \u00e0 direita de Deus e tamb\u00e9m intercede por n\u00f3s&#8221;.<\/i> (Romanos 8:34). <\/p>\n\t<meta itemprop=\"url\" content=\"https:\/\/ebenezer-oe.org\/wp-content\/uploads\/2021\/05\/Prayer.mp4\" \/><div style=\"width: 640px;\" class=\"wp-video\"><video muted class=\"wp-video-shortcode\" id=\"video-42887-1\" width=\"640\" height=\"360\" poster=\"https:\/\/ebenezeroe.wpengine.com\/wp-content\/uploads\/2021\/02\/pray.png\" loop autoplay preload=\"none\" controls=\"controls\"><source type=\"video\/mp4\" src=\"https:\/\/ebenezer-oe.org\/wp-content\/uploads\/2021\/05\/Prayer.mp4?_=1\" \/><a href=\"https:\/\/ebenezer-oe.org\/wp-content\/uploads\/2021\/05\/Prayer.mp4\">https:\/\/ebenezer-oe.org\/wp-content\/uploads\/2021\/05\/Prayer.mp4<\/a><\/video><\/div>\n\t<p>Daniel tamb\u00e9m foi um intercessor. Ele reconheceu pela profecia de Jeremias que 70 anos de cativeiro na Babil\u00f4nia logo terminariam, e ent\u00e3o ele se identificou com a na\u00e7\u00e3o de Israel e implorou em ora\u00e7\u00e3o por sua liberdade e restaura\u00e7\u00e3o (Daniel 9: 1-3). Daniel entendeu o cora\u00e7\u00e3o de Deus, mas sabia que a ora\u00e7\u00e3o era necess\u00e1ria para que a profecia se cumprisse. Jesus confirmou isso quando ensinou que orar para que a vontade de Deus seja feita \u00e9 o nosso objetivo, para que Ele seja glorificado (Mateus 6: 9-10).<\/p>\n\t\t\t<img decoding=\"async\" data-src=\"https:\/\/ebenezeroe.wpengine.com\/wp-content\/uploads\/2021\/05\/13.png\" alt=\"\" src=\"data:image\/svg+xml;base64,PHN2ZyB3aWR0aD0iMSIgaGVpZ2h0PSIxIiB4bWxucz0iaHR0cDovL3d3dy53My5vcmcvMjAwMC9zdmciPjwvc3ZnPg==\" class=\"lazyload\" \/>\t\t\t\n\t\t\t<img decoding=\"async\" data-src=\"https:\/\/ebenezeroe.wpengine.com\/wp-content\/uploads\/2021\/05\/14.png\" alt=\"\" src=\"data:image\/svg+xml;base64,PHN2ZyB3aWR0aD0iMSIgaGVpZ2h0PSIxIiB4bWxucz0iaHR0cDovL3d3dy53My5vcmcvMjAwMC9zdmciPjwvc3ZnPg==\" class=\"lazyload\" \/>\t\t\t\n\t<p>O Dr. Kingsley Priddy, do Bible College of Wales, foi um amigo querido de Gustav e defensor das ora\u00e7\u00f5es da Opera\u00e7\u00e3o \u00caxodo Eben\u00e9zer por muitos anos. Em uma carta \u00fanica sobre nosso chamado para orar pelo retorno do povo Judeu \u00e0 Terra de Israel, ele escreve:<\/p>\n\t<p>&#8220;O Esp\u00edrito Santo est\u00e1 usando a &#8216;Opera\u00e7\u00e3o \u00caxodo&#8217; para ganhar uma posi\u00e7\u00e3o de intercess\u00e3o pelo retorno subsequente dos Judeus de todas as partes do mundo. Embora isso seja claramente predito nas Escrituras e temos certeza do cumprimento, n\u00e3o acontecer\u00e1 automaticamente. Deus predisse por meio de Jeremias que os Judeus voltariam da Babil\u00f4nia depois de setenta anos, mas foi necess\u00e1ria a intercess\u00e3o de Daniel quando esse tempo chegasse para trazer o seu cumprimento. &#8220;<\/p>\n<p>O Dr. Kingsley Priddy<\/p>\n\t<p>\u00c9 assim que o Senhor nos chamou para operar &#8211; para nos firmarmos nas promessas da palavra de Deus a respeito de Israel e do povo Judeu e orar por seu cumprimento. Portanto, pretendemos ser guiados pelo Esp\u00edrito Santo em ora\u00e7\u00e3o devotada e intercess\u00e3o dedicada pela Aliyah.<\/p>\n<p>&nbsp;<\/p>\n<h2>\n\t\tPassagens Chave\n\t<\/h2>\n<h3>\n\t\t01\n\t<\/h3>\n<h3>\n\t\tIsa\u00edas 62:10\n\t<\/h3>\n\t<p><em>&#8220;Passai, passai pelas portas; preparai o caminho ao povo; aterrai, aterrai a estrada, limpai-a das pedras; arvorai bandeira aos povos.&#8221;<\/em> <\/p>\n<h3>\n\t\t02\n\t<\/h3>\n<h3>\n\t\tIsa\u00edas 62:7\n\t<\/h3>\n\t<p><em>&#8220;Sobre os teus muros, \u00f3 Jerusal\u00e9m, pus guardas, que todo o dia e toda a noite jamais se calar\u00e3o; v\u00f3s, os que fareis lembrado o SENHOR, n\u00e3o descanseis, nem deis a ele descanso at\u00e9 que restabele\u00e7a Jerusal\u00e9m e a ponha por objeto de louvor na terra&#8230;&#8221;<\/em><\/p>\n<h3>\n\t\t03\n\t<\/h3>\n<h3>\n\t\tJeremias 32:41\n\t<\/h3>\n\t<p><em>&#8220;Alegrar-me-ei por causa deles e lhes farei bem; plant\u00e1-los-ei firmemente nesta terra, de todo o meu cora\u00e7\u00e3o e de toda a minha alma.&#8221;<\/em><\/p>\n<h2>\n\t\tNossas Diretrizes para Momentos de Ora\u00e7\u00e3o Eficazes:\n\t<\/h2>\n\t<p><em>Antes de nos reunirmos, devemos examinar a n\u00f3s mesmos para ver se h\u00e1 algo que devemos acertar com Deus ou com outra pessoa.<\/em><\/p>\n\t<p><em>Come\u00e7amos com o louvor e depois passamos para a adora\u00e7\u00e3o. <\/em><\/p>\n\t<p><em>Deixamos as agendas pessoais de lado para servir ao Senhor em intercess\u00e3o.<\/em><\/p>\n\t<p><em>Reservamos tempo para ouvir o Senhor; procuramos ser guiados pelo Esp\u00edrito Santo sobre como orar.<\/em><\/p>\n\t<p><em>Temos um l\u00edder reconhecido que \u00e9 sens\u00edvel \u00e0 orienta\u00e7\u00e3o do Esp\u00edrito Santo e nos submetemos \u00e0 sua lideran\u00e7a.<\/em><\/p>\n\t<p><em>Juntos, declaramos o senhorio de Jesus sobre nosso tempo de ora\u00e7\u00e3o.<\/em><\/p>\n\t<p><em>Somos sens\u00edveis \u00e0 dire\u00e7\u00e3o do Senhor, mas tamb\u00e9m ousados para orar, profetizar ou compartilhar conforme o Esp\u00edrito Santo nos guiar.<\/em><\/p>\n\t<p><em>Nossa ora\u00e7\u00e3o \u00e9 eficaz quando estamos em unidade.<\/em><\/p>\n\t<p>Junte-se ao Minist\u00e9rio de Ora\u00e7\u00e3o da Eben\u00e9zer<\/p>\n\t<p>Se voc\u00ea deseja se juntar ao nosso minist\u00e9rio de ora\u00e7\u00e3o e se tornar um parceiro de ora\u00e7\u00e3o, n\u00f3s o convidamos a entrar em contato conosco.<\/p>\n\t\t\t<a href=\"https:\/\/ebenezer-oe.org\/pt-br\/contate-nos\/\" target=\"_self\" rel=\"noopener\">\n\t\t\t\t\t\t\tFa\u00e7a Contato\n\t\t\t\t\t<\/a>\n\n","protected":false},"excerpt":{"rendered":"<p>Funda\u00e7\u00e3o De Ora\u00e7\u00e3o Desde o dia em que a Opera\u00e7\u00e3o \u00caxodo Eben\u00e9zer come\u00e7ou, ela tem sido um minist\u00e9rio de intercess\u00e3o com uma tarefa prof\u00e9tica. Ap\u00f3s a queda milagrosa da Cortina de Ferro, de 1991 a 2000 o Senhor nos levou a orar pelo povo Judeu da ex-Uni\u00e3o Sovi\u00e9tica e a ajud\u00e1-los de navio em sua&hellip;<\/p>\n","protected":false},"author":1,"featured_media":0,"parent":42756,"menu_order":3,"comment_status":"closed","ping_status":"closed","template":"","meta":{"footnotes":""},"class_list":["post-42887","page","type-page","status-publish","hentry"],"yoast_head":"<!-- This site is optimized with the Yoast SEO plugin v27.4 - https:\/\/yoast.com\/product\/yoast-seo-wordpress\/ -->\n<title>Funda\u00e7\u00e3o De Ora\u00e7\u00e3o - Ebenezer Operation Exodus<\/title>\n<meta name=\"robots\" content=\"index, follow, max-snippet:-1, max-image-preview:large, max-video-preview:-1\" \/>\n<link rel=\"canonical\" href=\"https:\/\/ebenezer-oe.org\/pt-br\/sobre-nos\/fundacao-de-oracao\/\" \/>\n<meta property=\"og:locale\" content=\"pt_BR\" \/>\n<meta property=\"og:type\" content=\"article\" \/>\n<meta property=\"og:title\" content=\"Funda\u00e7\u00e3o De Ora\u00e7\u00e3o - Ebenezer Operation Exodus\" \/>\n<meta property=\"og:description\" content=\"Funda\u00e7\u00e3o De Ora\u00e7\u00e3o Desde o dia em que a Opera\u00e7\u00e3o \u00caxodo Eben\u00e9zer come\u00e7ou, ela tem sido um minist\u00e9rio de intercess\u00e3o com uma tarefa prof\u00e9tica. Ap\u00f3s a queda milagrosa da Cortina de Ferro, de 1991 a 2000 o Senhor nos levou a orar pelo povo Judeu da ex-Uni\u00e3o Sovi\u00e9tica e a ajud\u00e1-los de navio em sua&hellip;\" \/>\n<meta property=\"og:url\" content=\"https:\/\/ebenezer-oe.org\/pt-br\/sobre-nos\/fundacao-de-oracao\/\" \/>\n<meta property=\"og:site_name\" content=\"Ebenezer Operation Exodus\" \/>\n<meta property=\"article:publisher\" content=\"https:\/\/www.facebook.com\/EbenezerInt\" \/>\n<meta property=\"article:modified_time\" content=\"2023-07-26T08:35:21+00:00\" \/>\n<meta property=\"og:image\" content=\"https:\/\/ebenezeroe.wpengine.com\/wp-content\/uploads\/2021\/05\/13.png\" \/>\n<meta name=\"twitter:card\" content=\"summary_large_image\" \/>\n<meta name=\"twitter:label1\" content=\"Est. tempo de leitura\" \/>\n\t<meta name=\"twitter:data1\" content=\"4 minutos\" \/>\n<script type=\"application\/ld+json\" class=\"yoast-schema-graph\">{\"@context\":\"https:\\\/\\\/schema.org\",\"@graph\":[{\"@type\":\"WebPage\",\"@id\":\"https:\\\/\\\/ebenezer-oe.org\\\/pt-br\\\/sobre-nos\\\/fundacao-de-oracao\\\/\",\"url\":\"https:\\\/\\\/ebenezer-oe.org\\\/pt-br\\\/sobre-nos\\\/fundacao-de-oracao\\\/\",\"name\":\"Funda\u00e7\u00e3o De Ora\u00e7\u00e3o - Ebenezer Operation Exodus\",\"isPartOf\":{\"@id\":\"https:\\\/\\\/ebenezer-oe.org\\\/#website\"},\"primaryImageOfPage\":{\"@id\":\"https:\\\/\\\/ebenezer-oe.org\\\/pt-br\\\/sobre-nos\\\/fundacao-de-oracao\\\/#primaryimage\"},\"image\":{\"@id\":\"https:\\\/\\\/ebenezer-oe.org\\\/pt-br\\\/sobre-nos\\\/fundacao-de-oracao\\\/#primaryimage\"},\"thumbnailUrl\":\"https:\\\/\\\/ebenezeroe.wpengine.com\\\/wp-content\\\/uploads\\\/2021\\\/05\\\/13.png\",\"datePublished\":\"2021-10-11T14:34:24+00:00\",\"dateModified\":\"2023-07-26T08:35:21+00:00\",\"breadcrumb\":{\"@id\":\"https:\\\/\\\/ebenezer-oe.org\\\/pt-br\\\/sobre-nos\\\/fundacao-de-oracao\\\/#breadcrumb\"},\"inLanguage\":\"pt-BR\",\"potentialAction\":[{\"@type\":\"ReadAction\",\"target\":[\"https:\\\/\\\/ebenezer-oe.org\\\/pt-br\\\/sobre-nos\\\/fundacao-de-oracao\\\/\"]}]},{\"@type\":\"ImageObject\",\"inLanguage\":\"pt-BR\",\"@id\":\"https:\\\/\\\/ebenezer-oe.org\\\/pt-br\\\/sobre-nos\\\/fundacao-de-oracao\\\/#primaryimage\",\"url\":\"https:\\\/\\\/ebenezeroe.wpengine.com\\\/wp-content\\\/uploads\\\/2021\\\/05\\\/13.png\",\"contentUrl\":\"https:\\\/\\\/ebenezeroe.wpengine.com\\\/wp-content\\\/uploads\\\/2021\\\/05\\\/13.png\"},{\"@type\":\"BreadcrumbList\",\"@id\":\"https:\\\/\\\/ebenezer-oe.org\\\/pt-br\\\/sobre-nos\\\/fundacao-de-oracao\\\/#breadcrumb\",\"itemListElement\":[{\"@type\":\"ListItem\",\"position\":1,\"name\":\"Home\",\"item\":\"https:\\\/\\\/ebenezer-oe.org\\\/pt-br\\\/\"},{\"@type\":\"ListItem\",\"position\":2,\"name\":\"Sobre n\u00f3s\",\"item\":\"https:\\\/\\\/ebenezer-oe.org\\\/pt-br\\\/sobre-nos\\\/\"},{\"@type\":\"ListItem\",\"position\":3,\"name\":\"Funda\u00e7\u00e3o De Ora\u00e7\u00e3o\"}]},{\"@type\":\"WebSite\",\"@id\":\"https:\\\/\\\/ebenezer-oe.org\\\/#website\",\"url\":\"https:\\\/\\\/ebenezer-oe.org\\\/\",\"name\":\"Ebenezer - Operation Exodus\",\"description\":\"\",\"publisher\":{\"@id\":\"https:\\\/\\\/ebenezer-oe.org\\\/#organization\"},\"potentialAction\":[{\"@type\":\"SearchAction\",\"target\":{\"@type\":\"EntryPoint\",\"urlTemplate\":\"https:\\\/\\\/ebenezer-oe.org\\\/?s={search_term_string}\"},\"query-input\":{\"@type\":\"PropertyValueSpecification\",\"valueRequired\":true,\"valueName\":\"search_term_string\"}}],\"inLanguage\":\"pt-BR\"},{\"@type\":\"Organization\",\"@id\":\"https:\\\/\\\/ebenezer-oe.org\\\/#organization\",\"name\":\"Ebenezer - Operation Exodus\",\"url\":\"https:\\\/\\\/ebenezer-oe.org\\\/\",\"logo\":{\"@type\":\"ImageObject\",\"inLanguage\":\"pt-BR\",\"@id\":\"https:\\\/\\\/ebenezer-oe.org\\\/#\\\/schema\\\/logo\\\/image\\\/\",\"url\":\"https:\\\/\\\/ebenezeroe.wpengine.com\\\/wp-content\\\/uploads\\\/2020\\\/09\\\/Logo_EOE_EN_Colour-Horizontal.png\",\"contentUrl\":\"https:\\\/\\\/ebenezeroe.wpengine.com\\\/wp-content\\\/uploads\\\/2020\\\/09\\\/Logo_EOE_EN_Colour-Horizontal.png\",\"width\":1922,\"height\":928,\"caption\":\"Ebenezer - Operation Exodus\"},\"image\":{\"@id\":\"https:\\\/\\\/ebenezer-oe.org\\\/#\\\/schema\\\/logo\\\/image\\\/\"},\"sameAs\":[\"https:\\\/\\\/www.facebook.com\\\/EbenezerInt\",\"https:\\\/\\\/www.instagram.com\\\/ebenezer_oe_eng\\\/\",\"https:\\\/\\\/www.youtube.com\\\/channel\\\/UC6qGHrKKeamFVz95Vd8LR1g\"]}]}<\/script>\n<!-- \/ Yoast SEO plugin. -->","yoast_head_json":{"title":"Funda\u00e7\u00e3o De Ora\u00e7\u00e3o - Ebenezer Operation Exodus","robots":{"index":"index","follow":"follow","max-snippet":"max-snippet:-1","max-image-preview":"max-image-preview:large","max-video-preview":"max-video-preview:-1"},"canonical":"https:\/\/ebenezer-oe.org\/pt-br\/sobre-nos\/fundacao-de-oracao\/","og_locale":"pt_BR","og_type":"article","og_title":"Funda\u00e7\u00e3o De Ora\u00e7\u00e3o - Ebenezer Operation Exodus","og_description":"Funda\u00e7\u00e3o De Ora\u00e7\u00e3o Desde o dia em que a Opera\u00e7\u00e3o \u00caxodo Eben\u00e9zer come\u00e7ou, ela tem sido um minist\u00e9rio de intercess\u00e3o com uma tarefa prof\u00e9tica. Ap\u00f3s a queda milagrosa da Cortina de Ferro, de 1991 a 2000 o Senhor nos levou a orar pelo povo Judeu da ex-Uni\u00e3o Sovi\u00e9tica e a ajud\u00e1-los de navio em sua&hellip;","og_url":"https:\/\/ebenezer-oe.org\/pt-br\/sobre-nos\/fundacao-de-oracao\/","og_site_name":"Ebenezer Operation Exodus","article_publisher":"https:\/\/www.facebook.com\/EbenezerInt","article_modified_time":"2023-07-26T08:35:21+00:00","og_image":[{"url":"https:\/\/ebenezeroe.wpengine.com\/wp-content\/uploads\/2021\/05\/13.png","type":"","width":"","height":""}],"twitter_card":"summary_large_image","twitter_misc":{"Est. tempo de leitura":"4 minutos"},"schema":{"@context":"https:\/\/schema.org","@graph":[{"@type":"WebPage","@id":"https:\/\/ebenezer-oe.org\/pt-br\/sobre-nos\/fundacao-de-oracao\/","url":"https:\/\/ebenezer-oe.org\/pt-br\/sobre-nos\/fundacao-de-oracao\/","name":"Funda\u00e7\u00e3o De Ora\u00e7\u00e3o - Ebenezer Operation Exodus","isPartOf":{"@id":"https:\/\/ebenezer-oe.org\/#website"},"primaryImageOfPage":{"@id":"https:\/\/ebenezer-oe.org\/pt-br\/sobre-nos\/fundacao-de-oracao\/#primaryimage"},"image":{"@id":"https:\/\/ebenezer-oe.org\/pt-br\/sobre-nos\/fundacao-de-oracao\/#primaryimage"},"thumbnailUrl":"https:\/\/ebenezeroe.wpengine.com\/wp-content\/uploads\/2021\/05\/13.png","datePublished":"2021-10-11T14:34:24+00:00","dateModified":"2023-07-26T08:35:21+00:00","breadcrumb":{"@id":"https:\/\/ebenezer-oe.org\/pt-br\/sobre-nos\/fundacao-de-oracao\/#breadcrumb"},"inLanguage":"pt-BR","potentialAction":[{"@type":"ReadAction","target":["https:\/\/ebenezer-oe.org\/pt-br\/sobre-nos\/fundacao-de-oracao\/"]}]},{"@type":"ImageObject","inLanguage":"pt-BR","@id":"https:\/\/ebenezer-oe.org\/pt-br\/sobre-nos\/fundacao-de-oracao\/#primaryimage","url":"https:\/\/ebenezeroe.wpengine.com\/wp-content\/uploads\/2021\/05\/13.png","contentUrl":"https:\/\/ebenezeroe.wpengine.com\/wp-content\/uploads\/2021\/05\/13.png"},{"@type":"BreadcrumbList","@id":"https:\/\/ebenezer-oe.org\/pt-br\/sobre-nos\/fundacao-de-oracao\/#breadcrumb","itemListElement":[{"@type":"ListItem","position":1,"name":"Home","item":"https:\/\/ebenezer-oe.org\/pt-br\/"},{"@type":"ListItem","position":2,"name":"Sobre n\u00f3s","item":"https:\/\/ebenezer-oe.org\/pt-br\/sobre-nos\/"},{"@type":"ListItem","position":3,"name":"Funda\u00e7\u00e3o De Ora\u00e7\u00e3o"}]},{"@type":"WebSite","@id":"https:\/\/ebenezer-oe.org\/#website","url":"https:\/\/ebenezer-oe.org\/","name":"Ebenezer - Operation Exodus","description":"","publisher":{"@id":"https:\/\/ebenezer-oe.org\/#organization"},"potentialAction":[{"@type":"SearchAction","target":{"@type":"EntryPoint","urlTemplate":"https:\/\/ebenezer-oe.org\/?s={search_term_string}"},"query-input":{"@type":"PropertyValueSpecification","valueRequired":true,"valueName":"search_term_string"}}],"inLanguage":"pt-BR"},{"@type":"Organization","@id":"https:\/\/ebenezer-oe.org\/#organization","name":"Ebenezer - Operation Exodus","url":"https:\/\/ebenezer-oe.org\/","logo":{"@type":"ImageObject","inLanguage":"pt-BR","@id":"https:\/\/ebenezer-oe.org\/#\/schema\/logo\/image\/","url":"https:\/\/ebenezeroe.wpengine.com\/wp-content\/uploads\/2020\/09\/Logo_EOE_EN_Colour-Horizontal.png","contentUrl":"https:\/\/ebenezeroe.wpengine.com\/wp-content\/uploads\/2020\/09\/Logo_EOE_EN_Colour-Horizontal.png","width":1922,"height":928,"caption":"Ebenezer - Operation Exodus"},"image":{"@id":"https:\/\/ebenezer-oe.org\/#\/schema\/logo\/image\/"},"sameAs":["https:\/\/www.facebook.com\/EbenezerInt","https:\/\/www.instagram.com\/ebenezer_oe_eng\/","https:\/\/www.youtube.com\/channel\/UC6qGHrKKeamFVz95Vd8LR1g"]}]}},"_links":{"self":[{"href":"https:\/\/ebenezer-oe.org\/pt-br\/wp-json\/wp\/v2\/pages\/42887","targetHints":{"allow":["GET"]}}],"collection":[{"href":"https:\/\/ebenezer-oe.org\/pt-br\/wp-json\/wp\/v2\/pages"}],"about":[{"href":"https:\/\/ebenezer-oe.org\/pt-br\/wp-json\/wp\/v2\/types\/page"}],"author":[{"embeddable":true,"href":"https:\/\/ebenezer-oe.org\/pt-br\/wp-json\/wp\/v2\/users\/1"}],"replies":[{"embeddable":true,"href":"https:\/\/ebenezer-oe.org\/pt-br\/wp-json\/wp\/v2\/comments?post=42887"}],"version-history":[{"count":0,"href":"https:\/\/ebenezer-oe.org\/pt-br\/wp-json\/wp\/v2\/pages\/42887\/revisions"}],"up":[{"embeddable":true,"href":"https:\/\/ebenezer-oe.org\/pt-br\/wp-json\/wp\/v2\/pages\/42756"}],"wp:attachment":[{"href":"https:\/\/ebenezer-oe.org\/pt-br\/wp-json\/wp\/v2\/media?parent=42887"}],"curies":[{"name":"wp","href":"https:\/\/api.w.org\/{rel}","templated":true}]}}