{"id":47787,"date":"2021-12-06T08:33:13","date_gmt":"2021-12-06T08:33:13","guid":{"rendered":"https:\/\/ebenezer-oe.org\/seja-nosso-parceiro\/junte-se-em-oracao\/"},"modified":"2023-07-26T08:40:01","modified_gmt":"2023-07-26T08:40:01","slug":"junte-se-em-oracao","status":"publish","type":"page","link":"https:\/\/ebenezer-oe.org\/pt-br\/seja-nosso-parceiro\/junte-se-em-oracao\/","title":{"rendered":"Junte-se Em Ora\u00e7\u00e3o"},"content":{"rendered":"\n<h1>\n\t\tJunte-se Em Ora\u00e7\u00e3o\n\t<\/h1>\n\t<p>Nosso minist\u00e9rio nasceu em ora\u00e7\u00e3o e a lideran\u00e7a considera que a ora\u00e7\u00e3o deve ser a base de todas as suas atividades<strong>.<\/strong><\/p>\n<p><em>&#8216;Sobre os teus muros, \u00f3 Jerusal\u00e9m, pus guardas, que todo o dia e toda a noite jamais se calar\u00e3o. v\u00f3s, os que fareis lembrado o SENHOR, n\u00e3o descanseis, nem deis a ele descanso at\u00e9 que restabele\u00e7a Jerusal\u00e9m e a ponha por objeto de louvor na terra.&#8217;<\/em><\/p>\n<p>Isa\u00edas 62:7<\/p>\n\t\t\t\t<img decoding=\"async\" data-src=\"https:\/\/ebenezeroe.wpengine.com\/wp-content\/uploads\/2021\/05\/Untitled-design-39.png\" alt=\"Untitled design-39\" itemprop=\"image\" title=\"Untitled design-39\" onerror=\"this.style.display='none'\" src=\"data:image\/svg+xml;base64,PHN2ZyB3aWR0aD0iMSIgaGVpZ2h0PSIxIiB4bWxucz0iaHR0cDovL3d3dy53My5vcmcvMjAwMC9zdmciPjwvc3ZnPg==\" class=\"lazyload\" \/>\n\t<p>Aliyah \u00e9 uma iniciativa de Deus.<\/p>\n\t<p>\u00c9 ele quem est\u00e1 trazendo o povo Judeu de volta \u00e0 sua terra. O chamado do Senhor para n\u00f3s \u00e9 para ficarmos na brecha em ora\u00e7\u00e3o entre a situa\u00e7\u00e3o em que o povo Judeu se encontra em todo o mundo e seu sonho de estar na terra que Deus lhes prometeu. Repetidamente, vimos situa\u00e7\u00f5es mudar e problemas resolvidos, \u00e0 medida que parceiros de ora\u00e7\u00e3o pediam respostas aos c\u00e9us.<\/p>\n\t<p>Muitas etapas diferentes est\u00e3o envolvidas e somos chamados a cobrir cada uma em ora\u00e7\u00e3o, abrindo o caminho de casa para o Seu povo Judeu (Isa\u00edas 62:10). Nestes tempos de r\u00e1pida mudan\u00e7a, nossa rede mundial de parceiros de ora\u00e7\u00e3o ora pelo povo Judeu em \u00e1reas de perigo ou agita\u00e7\u00e3o e aqueles que enfrentam dificuldades e pobreza extrema. Tamb\u00e9m precisamos orar por transporte e viagens para Israel, incluindo interrup\u00e7\u00f5es urgentes nas viagens e muito, muito mais!<\/p>\n\t<p>A Aliyah \u00e9 ativa, excitante e milagrosa, e orar pela Aliyah \u00e9 a mesma coisa!<\/p>\n\t<h2>Parceiros De Ora\u00e7\u00e3o<\/h2>\n\t<p>Alguns parceiros de ora\u00e7\u00e3o re\u00fanem-se regularmente em grupos para orar por meio dos materiais de ora\u00e7\u00e3o, outros oram sozinhos em casa. Cada ora\u00e7\u00e3o desempenha um papel fundamental no retorno cont\u00ednuo do povo Judeu a Israel.<\/p>\n<p>Al\u00e9m de orar especificamente por aqueles que est\u00e3o fazendo a Aliyah, o Senhor nos orienta a nos concentrarmos em quest\u00f5es como o anti-semitismo, o pa\u00eds de Israel e os eventos atuais e passados que afetam a Aliyah hoje. Grupos internacionais se reuniram em todo o mundo para orar, incluindo em locais de atrocidades como Auschwitz, onde algumas das piores atrocidades j\u00e1 registradas foram cometidas contra o povo Judeu. Ora\u00e7\u00e3o desse tipo \u00e9 regularmente realizada em locais estrat\u00e9gicos, como e quando o Senhor nos orienta.<\/p>\n\t<h2>Uma situa\u00e7\u00e3o t\u00edpica que precisava de ora\u00e7\u00e3o:<\/h2>\n\t\t\t<p><i>Aida foi criada por sua m\u00e3e e n\u00e3o tinha ideia de suas origens Judaicas. Foi s\u00f3 aos 35 anos que ela soube sobre seu pai Judeu biol\u00f3gico e descobriu que tinha um irm\u00e3o e irm\u00e3s Israelenses. Quando seu pai faleceu, os irm\u00e3os de Aida a convidaram para ir a Israel e lhe deram uma recep\u00e7\u00e3o calorosa! Alguns anos depois, Aida se viu criando seus tr\u00eas filhos sozinha e vivendo em circunst\u00e2ncias incrivelmente dif\u00edceis. Ela sabia da oportunidade de fazer Aliyah, mas um teste de DNA para provar seus la\u00e7os com sua fam\u00edlia Israelense era muito caro, sem mencionar os outros custos e aspectos pr\u00e1ticos de se mudar para outro pa\u00eds. Todo o processo parecia imposs\u00edvel! Parceiros de ora\u00e7\u00e3o da Opera\u00e7\u00e3o \u00caxodo Eben\u00e9zer em todo o mundo trouxeram esta fam\u00edlia diante de Deus em ora\u00e7\u00e3o &#8211; e logo os testes de DNA necess\u00e1rios foram organizados, os fundos foram fornecidos,<\/i><i> Aida e seus filhos receberam seus vistos e agora est\u00e3o felizes em Israel! <\/i><\/p>\t\t\n\t<p>Nossa Rede De Ora\u00e7\u00e3o<\/p>\n\t<p>Para saber mais e fazer parte desta rede mundial de ora\u00e7\u00e3o que atua em mais de 55 na\u00e7\u00f5es, convidamos voc\u00ea a entrar em contato clicando no bot\u00e3o abaixo.<\/p>\n\t\t\t<a href=\"https:\/\/ebenezer-oe.org\/pt-br\/contate-nos\/\" target=\"_self\" rel=\"noopener\">\n\t\t\t\t\t\t\tQuero me inscrever!\n\t\t\t\t\t<\/a>\n\n","protected":false},"excerpt":{"rendered":"<p>Junte-se Em Ora\u00e7\u00e3o Nosso minist\u00e9rio nasceu em ora\u00e7\u00e3o e a lideran\u00e7a considera que a ora\u00e7\u00e3o deve ser a base de todas as suas atividades. &#8216;Sobre os teus muros, \u00f3 Jerusal\u00e9m, pus guardas, que todo o dia e toda a noite jamais se calar\u00e3o. v\u00f3s, os que fareis lembrado o SENHOR, n\u00e3o descanseis, nem deis a&hellip;<\/p>\n","protected":false},"author":1,"featured_media":0,"parent":47764,"menu_order":0,"comment_status":"closed","ping_status":"closed","template":"","meta":{"footnotes":""},"class_list":["post-47787","page","type-page","status-publish","hentry"],"yoast_head":"<!-- This site is optimized with the Yoast SEO plugin v27.4 - https:\/\/yoast.com\/product\/yoast-seo-wordpress\/ -->\n<title>Junte-se Em Ora\u00e7\u00e3o - Ebenezer Operation Exodus<\/title>\n<meta name=\"robots\" content=\"index, follow, max-snippet:-1, max-image-preview:large, max-video-preview:-1\" \/>\n<link rel=\"canonical\" href=\"https:\/\/ebenezer-oe.org\/pt-br\/seja-nosso-parceiro\/junte-se-em-oracao\/\" \/>\n<meta property=\"og:locale\" content=\"pt_BR\" \/>\n<meta property=\"og:type\" content=\"article\" \/>\n<meta property=\"og:title\" content=\"Junte-se Em Ora\u00e7\u00e3o - Ebenezer Operation Exodus\" \/>\n<meta property=\"og:description\" content=\"Junte-se Em Ora\u00e7\u00e3o Nosso minist\u00e9rio nasceu em ora\u00e7\u00e3o e a lideran\u00e7a considera que a ora\u00e7\u00e3o deve ser a base de todas as suas atividades. &#8216;Sobre os teus muros, \u00f3 Jerusal\u00e9m, pus guardas, que todo o dia e toda a noite jamais se calar\u00e3o. v\u00f3s, os que fareis lembrado o SENHOR, n\u00e3o descanseis, nem deis a&hellip;\" \/>\n<meta property=\"og:url\" content=\"https:\/\/ebenezer-oe.org\/pt-br\/seja-nosso-parceiro\/junte-se-em-oracao\/\" \/>\n<meta property=\"og:site_name\" content=\"Ebenezer Operation Exodus\" \/>\n<meta property=\"article:publisher\" content=\"https:\/\/www.facebook.com\/EbenezerInt\" \/>\n<meta property=\"article:modified_time\" content=\"2023-07-26T08:40:01+00:00\" \/>\n<meta property=\"og:image\" content=\"https:\/\/ebenezeroe.wpengine.com\/wp-content\/uploads\/2021\/05\/Untitled-design-39.png\" \/>\n<meta name=\"twitter:card\" content=\"summary_large_image\" \/>\n<meta name=\"twitter:label1\" content=\"Est. tempo de leitura\" \/>\n\t<meta name=\"twitter:data1\" content=\"3 minutos\" \/>\n<script type=\"application\/ld+json\" class=\"yoast-schema-graph\">{\"@context\":\"https:\\\/\\\/schema.org\",\"@graph\":[{\"@type\":\"WebPage\",\"@id\":\"https:\\\/\\\/ebenezer-oe.org\\\/pt-br\\\/seja-nosso-parceiro\\\/junte-se-em-oracao\\\/\",\"url\":\"https:\\\/\\\/ebenezer-oe.org\\\/pt-br\\\/seja-nosso-parceiro\\\/junte-se-em-oracao\\\/\",\"name\":\"Junte-se Em Ora\u00e7\u00e3o - Ebenezer Operation Exodus\",\"isPartOf\":{\"@id\":\"https:\\\/\\\/ebenezer-oe.org\\\/#website\"},\"primaryImageOfPage\":{\"@id\":\"https:\\\/\\\/ebenezer-oe.org\\\/pt-br\\\/seja-nosso-parceiro\\\/junte-se-em-oracao\\\/#primaryimage\"},\"image\":{\"@id\":\"https:\\\/\\\/ebenezer-oe.org\\\/pt-br\\\/seja-nosso-parceiro\\\/junte-se-em-oracao\\\/#primaryimage\"},\"thumbnailUrl\":\"https:\\\/\\\/ebenezeroe.wpengine.com\\\/wp-content\\\/uploads\\\/2021\\\/05\\\/Untitled-design-39.png\",\"datePublished\":\"2021-12-06T08:33:13+00:00\",\"dateModified\":\"2023-07-26T08:40:01+00:00\",\"breadcrumb\":{\"@id\":\"https:\\\/\\\/ebenezer-oe.org\\\/pt-br\\\/seja-nosso-parceiro\\\/junte-se-em-oracao\\\/#breadcrumb\"},\"inLanguage\":\"pt-BR\",\"potentialAction\":[{\"@type\":\"ReadAction\",\"target\":[\"https:\\\/\\\/ebenezer-oe.org\\\/pt-br\\\/seja-nosso-parceiro\\\/junte-se-em-oracao\\\/\"]}]},{\"@type\":\"ImageObject\",\"inLanguage\":\"pt-BR\",\"@id\":\"https:\\\/\\\/ebenezer-oe.org\\\/pt-br\\\/seja-nosso-parceiro\\\/junte-se-em-oracao\\\/#primaryimage\",\"url\":\"https:\\\/\\\/ebenezeroe.wpengine.com\\\/wp-content\\\/uploads\\\/2021\\\/05\\\/Untitled-design-39.png\",\"contentUrl\":\"https:\\\/\\\/ebenezeroe.wpengine.com\\\/wp-content\\\/uploads\\\/2021\\\/05\\\/Untitled-design-39.png\"},{\"@type\":\"BreadcrumbList\",\"@id\":\"https:\\\/\\\/ebenezer-oe.org\\\/pt-br\\\/seja-nosso-parceiro\\\/junte-se-em-oracao\\\/#breadcrumb\",\"itemListElement\":[{\"@type\":\"ListItem\",\"position\":1,\"name\":\"Home\",\"item\":\"https:\\\/\\\/ebenezer-oe.org\\\/pt-br\\\/\"},{\"@type\":\"ListItem\",\"position\":2,\"name\":\"Seja nosso parceiro\",\"item\":\"https:\\\/\\\/ebenezer-oe.org\\\/pt-br\\\/seja-nosso-parceiro\\\/\"},{\"@type\":\"ListItem\",\"position\":3,\"name\":\"Junte-se Em Ora\u00e7\u00e3o\"}]},{\"@type\":\"WebSite\",\"@id\":\"https:\\\/\\\/ebenezer-oe.org\\\/#website\",\"url\":\"https:\\\/\\\/ebenezer-oe.org\\\/\",\"name\":\"Ebenezer - Operation Exodus\",\"description\":\"\",\"publisher\":{\"@id\":\"https:\\\/\\\/ebenezer-oe.org\\\/#organization\"},\"potentialAction\":[{\"@type\":\"SearchAction\",\"target\":{\"@type\":\"EntryPoint\",\"urlTemplate\":\"https:\\\/\\\/ebenezer-oe.org\\\/?s={search_term_string}\"},\"query-input\":{\"@type\":\"PropertyValueSpecification\",\"valueRequired\":true,\"valueName\":\"search_term_string\"}}],\"inLanguage\":\"pt-BR\"},{\"@type\":\"Organization\",\"@id\":\"https:\\\/\\\/ebenezer-oe.org\\\/#organization\",\"name\":\"Ebenezer - Operation Exodus\",\"url\":\"https:\\\/\\\/ebenezer-oe.org\\\/\",\"logo\":{\"@type\":\"ImageObject\",\"inLanguage\":\"pt-BR\",\"@id\":\"https:\\\/\\\/ebenezer-oe.org\\\/#\\\/schema\\\/logo\\\/image\\\/\",\"url\":\"https:\\\/\\\/ebenezeroe.wpengine.com\\\/wp-content\\\/uploads\\\/2020\\\/09\\\/Logo_EOE_EN_Colour-Horizontal.png\",\"contentUrl\":\"https:\\\/\\\/ebenezeroe.wpengine.com\\\/wp-content\\\/uploads\\\/2020\\\/09\\\/Logo_EOE_EN_Colour-Horizontal.png\",\"width\":1922,\"height\":928,\"caption\":\"Ebenezer - Operation Exodus\"},\"image\":{\"@id\":\"https:\\\/\\\/ebenezer-oe.org\\\/#\\\/schema\\\/logo\\\/image\\\/\"},\"sameAs\":[\"https:\\\/\\\/www.facebook.com\\\/EbenezerInt\",\"https:\\\/\\\/www.instagram.com\\\/ebenezer_oe_eng\\\/\",\"https:\\\/\\\/www.youtube.com\\\/channel\\\/UC6qGHrKKeamFVz95Vd8LR1g\"]}]}<\/script>\n<!-- \/ Yoast SEO plugin. -->","yoast_head_json":{"title":"Junte-se Em Ora\u00e7\u00e3o - Ebenezer Operation Exodus","robots":{"index":"index","follow":"follow","max-snippet":"max-snippet:-1","max-image-preview":"max-image-preview:large","max-video-preview":"max-video-preview:-1"},"canonical":"https:\/\/ebenezer-oe.org\/pt-br\/seja-nosso-parceiro\/junte-se-em-oracao\/","og_locale":"pt_BR","og_type":"article","og_title":"Junte-se Em Ora\u00e7\u00e3o - Ebenezer Operation Exodus","og_description":"Junte-se Em Ora\u00e7\u00e3o Nosso minist\u00e9rio nasceu em ora\u00e7\u00e3o e a lideran\u00e7a considera que a ora\u00e7\u00e3o deve ser a base de todas as suas atividades. &#8216;Sobre os teus muros, \u00f3 Jerusal\u00e9m, pus guardas, que todo o dia e toda a noite jamais se calar\u00e3o. v\u00f3s, os que fareis lembrado o SENHOR, n\u00e3o descanseis, nem deis a&hellip;","og_url":"https:\/\/ebenezer-oe.org\/pt-br\/seja-nosso-parceiro\/junte-se-em-oracao\/","og_site_name":"Ebenezer Operation Exodus","article_publisher":"https:\/\/www.facebook.com\/EbenezerInt","article_modified_time":"2023-07-26T08:40:01+00:00","og_image":[{"url":"https:\/\/ebenezeroe.wpengine.com\/wp-content\/uploads\/2021\/05\/Untitled-design-39.png","type":"","width":"","height":""}],"twitter_card":"summary_large_image","twitter_misc":{"Est. tempo de leitura":"3 minutos"},"schema":{"@context":"https:\/\/schema.org","@graph":[{"@type":"WebPage","@id":"https:\/\/ebenezer-oe.org\/pt-br\/seja-nosso-parceiro\/junte-se-em-oracao\/","url":"https:\/\/ebenezer-oe.org\/pt-br\/seja-nosso-parceiro\/junte-se-em-oracao\/","name":"Junte-se Em Ora\u00e7\u00e3o - Ebenezer Operation Exodus","isPartOf":{"@id":"https:\/\/ebenezer-oe.org\/#website"},"primaryImageOfPage":{"@id":"https:\/\/ebenezer-oe.org\/pt-br\/seja-nosso-parceiro\/junte-se-em-oracao\/#primaryimage"},"image":{"@id":"https:\/\/ebenezer-oe.org\/pt-br\/seja-nosso-parceiro\/junte-se-em-oracao\/#primaryimage"},"thumbnailUrl":"https:\/\/ebenezeroe.wpengine.com\/wp-content\/uploads\/2021\/05\/Untitled-design-39.png","datePublished":"2021-12-06T08:33:13+00:00","dateModified":"2023-07-26T08:40:01+00:00","breadcrumb":{"@id":"https:\/\/ebenezer-oe.org\/pt-br\/seja-nosso-parceiro\/junte-se-em-oracao\/#breadcrumb"},"inLanguage":"pt-BR","potentialAction":[{"@type":"ReadAction","target":["https:\/\/ebenezer-oe.org\/pt-br\/seja-nosso-parceiro\/junte-se-em-oracao\/"]}]},{"@type":"ImageObject","inLanguage":"pt-BR","@id":"https:\/\/ebenezer-oe.org\/pt-br\/seja-nosso-parceiro\/junte-se-em-oracao\/#primaryimage","url":"https:\/\/ebenezeroe.wpengine.com\/wp-content\/uploads\/2021\/05\/Untitled-design-39.png","contentUrl":"https:\/\/ebenezeroe.wpengine.com\/wp-content\/uploads\/2021\/05\/Untitled-design-39.png"},{"@type":"BreadcrumbList","@id":"https:\/\/ebenezer-oe.org\/pt-br\/seja-nosso-parceiro\/junte-se-em-oracao\/#breadcrumb","itemListElement":[{"@type":"ListItem","position":1,"name":"Home","item":"https:\/\/ebenezer-oe.org\/pt-br\/"},{"@type":"ListItem","position":2,"name":"Seja nosso parceiro","item":"https:\/\/ebenezer-oe.org\/pt-br\/seja-nosso-parceiro\/"},{"@type":"ListItem","position":3,"name":"Junte-se Em Ora\u00e7\u00e3o"}]},{"@type":"WebSite","@id":"https:\/\/ebenezer-oe.org\/#website","url":"https:\/\/ebenezer-oe.org\/","name":"Ebenezer - Operation Exodus","description":"","publisher":{"@id":"https:\/\/ebenezer-oe.org\/#organization"},"potentialAction":[{"@type":"SearchAction","target":{"@type":"EntryPoint","urlTemplate":"https:\/\/ebenezer-oe.org\/?s={search_term_string}"},"query-input":{"@type":"PropertyValueSpecification","valueRequired":true,"valueName":"search_term_string"}}],"inLanguage":"pt-BR"},{"@type":"Organization","@id":"https:\/\/ebenezer-oe.org\/#organization","name":"Ebenezer - Operation Exodus","url":"https:\/\/ebenezer-oe.org\/","logo":{"@type":"ImageObject","inLanguage":"pt-BR","@id":"https:\/\/ebenezer-oe.org\/#\/schema\/logo\/image\/","url":"https:\/\/ebenezeroe.wpengine.com\/wp-content\/uploads\/2020\/09\/Logo_EOE_EN_Colour-Horizontal.png","contentUrl":"https:\/\/ebenezeroe.wpengine.com\/wp-content\/uploads\/2020\/09\/Logo_EOE_EN_Colour-Horizontal.png","width":1922,"height":928,"caption":"Ebenezer - Operation Exodus"},"image":{"@id":"https:\/\/ebenezer-oe.org\/#\/schema\/logo\/image\/"},"sameAs":["https:\/\/www.facebook.com\/EbenezerInt","https:\/\/www.instagram.com\/ebenezer_oe_eng\/","https:\/\/www.youtube.com\/channel\/UC6qGHrKKeamFVz95Vd8LR1g"]}]}},"_links":{"self":[{"href":"https:\/\/ebenezer-oe.org\/pt-br\/wp-json\/wp\/v2\/pages\/47787","targetHints":{"allow":["GET"]}}],"collection":[{"href":"https:\/\/ebenezer-oe.org\/pt-br\/wp-json\/wp\/v2\/pages"}],"about":[{"href":"https:\/\/ebenezer-oe.org\/pt-br\/wp-json\/wp\/v2\/types\/page"}],"author":[{"embeddable":true,"href":"https:\/\/ebenezer-oe.org\/pt-br\/wp-json\/wp\/v2\/users\/1"}],"replies":[{"embeddable":true,"href":"https:\/\/ebenezer-oe.org\/pt-br\/wp-json\/wp\/v2\/comments?post=47787"}],"version-history":[{"count":0,"href":"https:\/\/ebenezer-oe.org\/pt-br\/wp-json\/wp\/v2\/pages\/47787\/revisions"}],"up":[{"embeddable":true,"href":"https:\/\/ebenezer-oe.org\/pt-br\/wp-json\/wp\/v2\/pages\/47764"}],"wp:attachment":[{"href":"https:\/\/ebenezer-oe.org\/pt-br\/wp-json\/wp\/v2\/media?parent=47787"}],"curies":[{"name":"wp","href":"https:\/\/api.w.org\/{rel}","templated":true}]}}