{"id":99622,"date":"2023-06-01T10:24:49","date_gmt":"2023-06-01T10:24:49","guid":{"rendered":"https:\/\/ebenezer-oe.org\/internationell-konferens-2024\/"},"modified":"2024-10-03T16:40:32","modified_gmt":"2024-10-03T16:40:32","slug":"internationell-konferens-2024","status":"publish","type":"page","link":"https:\/\/ebenezer-oe.org\/sv\/internationell-konferens-2024\/","title":{"rendered":"Internationell Konferens 2024"},"content":{"rendered":"\n\n\t<p>Bokningen \u00e4r nu \u00f6ppen!<\/p>\n\t<p>INTERNATIONELL EBENEZER-KONFERENS<\/p>\n<p>Jerusalem 17 &#8211; 22 november 2024<\/p>\n\t<p>Ljus i m\u00f6rkret<\/p>\n\t<p>St\u00e5 upp, str\u00e5la, f\u00f6r ditt ljus kommer och Herrens h\u00e4rlighet g\u00e5r upp \u00f6ver dig. Se, m\u00f6rker ska t\u00e4cka jorden och t\u00f6cken folken, men \u00f6ver dig ska Herren g\u00e5 upp, hans h\u00e4rlighet ska uppenbaras \u00f6ver dig.<\/p>\n<p>Jesaja 60:1-2<\/p>\n<p><strong>Vi inbjuder dig att delta<\/strong> i v\u00e5r internationella konferens i Jerusalem. Temat \u00e4r &#8221;Ljus i m\u00f6rkret&#8221; Det kommer att bli en tid f\u00f6r oss att komma tillsammans fr\u00e5n olika l\u00e4nder och umg\u00e5s i den store Kungens stad.<\/p>\n<p>En aspekt av att vara en del av ett <i>aliyah-<\/i> arbete \u00e4r att vi dagligen kan se med v\u00e5ra egna \u00f6gon hur Guds ord \u00e4r verkligt. <strong>Under 2022 hj\u00e4lpte v\u00e5ra team n\u00e4stan 50 judiska personer per dag att \u00e5terv\u00e4nda till Israel och det var bara m\u00f6jligt p\u00e5 grund av Guds trofasthet.<\/strong> Vissa kristna \u00e4r f\u00f6rtvivlade p\u00e5 grund av alla negativa nyheter runt om i v\u00e4rlden och ett till synes v\u00e4xande m\u00f6rker, men vi vill tacka f\u00f6r att HAN har l\u00e5tit oss forts\u00e4tta att v\u00e4lsigna andra.<\/p>\n<p>Vi kommer att f\u00e5 h\u00f6ra vittnesb\u00f6rd om hur HERREN anv\u00e4nder troende som g\u00e5tt fr\u00e5n att vara f\u00f6rebedjare till att sj\u00e4lv nu ocks\u00e5 praktiskt hj\u00e4lpa. Genom bibelundervisning, vittnesb\u00f6rd, b\u00f6n och gemenskap vill vi l\u00e5ta Den Helige Ande f\u00f6ra oss n\u00e4rmare GUD och st\u00e4rka v\u00e5r tro, s\u00e5 att vi \u00e4r fullt utrustade att g\u00e5 segrande fram, varhelst HAN har leder oss.<\/p>\n<p>V\u00e5ra huvudtalare fr\u00e5n Asien, Israel och Europa kommer att dela med sig av hur Guds ord \u00e4r v\u00e4gledande i tider av m\u00f6rker och hur vi kan vara s\u00e4kra p\u00e5 att v\u00e5rt engagemang f\u00f6r att v\u00e4lsigna Israel inte \u00e4r f\u00f6rg\u00e4ves, utan kommer att b\u00e4ra evig frukt till HANS \u00e4ra! <strong>Ledningen f\u00f6r Ebenezer ser fram emot att tr\u00e4ffa dig i Sion!<\/strong><\/p>\n\t\t\t\t<img decoding=\"async\" data-src=\"https:\/\/ebenezeroe.wpengine.com\/wp-content\/uploads\/2023\/05\/item_97480.png\" alt=\"item_97480\" itemprop=\"image\" title=\"item_97480\" onerror=\"this.style.display='none'\" src=\"data:image\/svg+xml;base64,PHN2ZyB3aWR0aD0iMSIgaGVpZ2h0PSIxIiB4bWxucz0iaHR0cDovL3d3dy53My5vcmcvMjAwMC9zdmciPjwvc3ZnPg==\" class=\"lazyload\" \/>\n\t<p>Shalom &amp; all v\u00e4lsignelse<\/p>\n\t<p>Johannes Barthel<\/p>\n\t<p>BOENDE<\/p>\n\t<p>Konferensm\u00f6tena kommer att h\u00e5llas p\u00e5 Ramada Hotel men du har flera boendealternativ: <\/p>\n\t\t\t\t<img decoding=\"async\" data-src=\"https:\/\/ebenezeroe.wpengine.com\/wp-content\/uploads\/2023\/05\/Screenshot-2023-05-15-at-14.26.57.png\" alt=\"Screenshot 2023-05-15 at 14.26.57\" itemprop=\"image\" title=\"Screenshot 2023-05-15 at 14.26.57\" onerror=\"this.style.display='none'\" src=\"data:image\/svg+xml;base64,PHN2ZyB3aWR0aD0iMSIgaGVpZ2h0PSIxIiB4bWxucz0iaHR0cDovL3d3dy53My5vcmcvMjAwMC9zdmciPjwvc3ZnPg==\" class=\"lazyload\" \/>\n<p><strong>1. Hitta ditt eget boende<\/strong><\/p>\n<p>Konferensavgift inklusive lunch och kaffepauser f\u00f6r $480 \/ \u00a3380. Detta ger dig friheten att v\u00e4lja vilket \u00f6vernattningsst\u00e4lle i Jerusalem du vill.<\/p>\n<ul>\n\n<\/ul>\n<p><strong>2. Hotell Royal (3 stj\u00e4rnor)<\/strong><\/p>\n<p>3* helpension inklusive konferensavgift p\u00e5 Royal Hotel: 995 kr i dubbelrum eller 1445 kr i enkelrum: <\/p>\n<p><em>Royal Hotel Jerusalem 6 Ze&#8217;ev Vilnay Street Jerusalem, 91033, Israel <\/em><\/p>\n\t\t\t<a href=\"https:\/\/goo.gl\/maps\/fA3XP2H6d7ZU3kqFA\" target=\"_blank\" rel=\"noopener\">\n\t\t\t\t\t\t\tRoyal Hotel p\u00e5 Google Maps \n\t\t\t\t\t<\/a>\n\t\t\t<a href=\"https:\/\/royaljerusalemhotel.com\" target=\"_blank\" rel=\"noopener\">\n\t\t\t\t\t\t\tRoyal Hotels webbplats\n\t\t\t\t\t<\/a>\n<strong>3. Ramada By Wyndham<\/strong><br \/>\n<br \/>\n4* helpension inklusive konferensavgift p\u00e5 Ramada Hotel: 1 200 USD\/955 \u00a3 i dubbelrum eller 1 825 USD\/1450 \u00a3 i enkelrum:\n<em>Ramada By Wyndham<br \/>\n6 Ze&#8217;ev Vilnay Street, Gesher Rupin, Jerusalem, 91033, Israel<\/em>\n\t\t\t<a href=\"https:\/\/goo.gl\/maps\/sW7jfviJety94Hf29\" target=\"_blank\" rel=\"noopener\">\n\t\t\t\t\t\t\tRamada Hotel p\u00e5 Google maps \n\t\t\t\t\t<\/a>\n\t\t\t<a href=\"https:\/\/jerusalemramadahotel.com\/en\" target=\"_blank\" rel=\"noopener\">\n\t\t\t\t\t\t\tRamada Hotellets webbsida\n\t\t\t\t\t<\/a>\n\t<p>B\u00e5da hotellen har samma fritidsfaciliteter och ligger i samma komplex. De ligger inom g\u00e5ngavst\u00e5nd fr\u00e5n Knesset (Israels parlament), H\u00f6gsta domstolen, Hebreiska universitetet, Israel Museum, Biblelands Museum, Bloomfield Science Museum och Jerusalems centrala busstation.<\/p>\n\t<p>KONFERENSPROGRAM<\/p>\n<p>F\u00f6r alla hotellg\u00e4ster: Vi b\u00f6rjar med middag s\u00f6ndagen den 17 november och avslutar med frukost fredagen den 22 november. Sj\u00e4lva konferensen startar kl. 09.30 p\u00e5 m\u00e5ndag morgon och vi har det sista m\u00f6tet p\u00e5 torsdag kv\u00e4ll.<\/p>\n<p><br \/>Vi kommer att publicera det fullst\u00e4ndiga programmet n\u00e4rmare konferensdatumet.<\/p>\n\t<p>HUR \u00c4R DET MED AVBOKNINGAR?<\/p>\n\t<p>Sedan COVID och den 7 oktober \u00e4r hotell i Israel positiva till att ge \u00e5terbetalning om situationen skulle f\u00f6r\u00e4ndras n\u00e4r det g\u00e4ller kriget. Vi hoppas att detta inte kommer att beh\u00f6vas, men vi kommer att h\u00e5lla dig uppdaterad om n\u00e5got skulle f\u00f6r\u00e4ndras.<\/p>\n<p>&nbsp;<\/p>\n\t<p>RESEF\u00d6RS\u00c4KRING<\/p>\n<p>Vi \u00e4r medvetna om att m\u00e5nga resef\u00f6rs\u00e4kringsbolag inte t\u00e4cker resor till Israel f\u00f6r n\u00e4rvarande. Vi har blivit rekommenderade ett israeliskt f\u00f6retag, SAR EL, som ger ut sjukf\u00f6rs\u00e4kringar f\u00f6r turister.<\/p>\n<p>Om du \u00e4r intresserad av att ta reda p\u00e5 mer information eller \u00f6ppna f\u00f6rs\u00e4kring med denna leverant\u00f6r kan du g\u00f6ra det via knapparna nedan.<\/p>\n\t\t\t<a href=\"https:\/\/ebenezer-oe.org\/wp-content\/uploads\/2024\/05\/MEDICAL-INSURANCE-FOR-TOURISTS-IN-ISRAEL-Tour-care-summary-of-coverage-SAR-EL.pdf\" target=\"_blank\" rel=\"noopener\">\n\t\t\t\t\t\t\tTa reda p\u00e5 mer om SAR EL F\u00f6rs\u00e4kring\n\t\t\t\t\t<\/a>\n\t\t\t<a href=\"https:\/\/forms.iforms.co.il\/Show_form\/5b2kb892\" target=\"_blank\" rel=\"noopener\">\n\t\t\t\t\t\t\t\u00d6ppna en ans\u00f6kan \n\t\t\t\t\t<\/a>\n\t<p>RESA<\/p>\n\t<p>V\u00e5rt team i Israel har utarbetat ett resedokument med instruktioner fr\u00e5n Ben Gurion Airport till det tillhandah\u00e5llna boendet p\u00e5 Royal och Ramada Hotels.<\/p>\n\t\t\t<a href=\"https:\/\/ebenezer-oe.org\/wp-content\/uploads\/2024\/10\/Directions-Tel-Aviv-Ben-Gurion-Airport-to-Hotel-1.pdf\" target=\"_blank\" rel=\"noopener\">\n\t\t\t\t\t\t\tInstruktioner f\u00f6r resan\n\t\t\t\t\t<\/a>\n\t<p>BOKNING<\/p>\n<p>Din registrering \u00e4r endast giltig med en handpenning p\u00e5 100 USD, som inte kan \u00e5terbetalas (f\u00f6rutom om konferensen st\u00e4lls in fr\u00e5n v\u00e5r sida). Slutbetalningen m\u00e5ste g\u00f6ras senast den 15 augusti 2024. <\/p>\n<p>F\u00f6r anm\u00e4lningar efter den 15 augusti 2024, v\u00e4nligen kontrollera att vi har tillg\u00e4ngliga rum innan du bokar.<\/p>\n\t\t\t<a href=\"https:\/\/docs.google.com\/forms\/d\/e\/1FAIpQLSd-P4dIBALhlyH1LQxjjrLGEMu5gQOaZDf0uztjITghXAgYCA\/viewform?usp=sf_link\" target=\"_blank\" rel=\"noopener\">\n\t\t\t\t\t\t\tBokningsformul\u00e4r\n\t\t\t\t\t<\/a>\n\t<p>KONTAKT<\/p>\n<p>F\u00f6r ytterligare fr\u00e5gor, mejla oss p\u00e5 <a href=\"mailto:conference@ebenezer-oe.org\"><em>conference@ebenezer-oe.org<\/em><\/a><em>,<\/em> eller kontakta organisationen i ditt land.<\/p>\n<p>&nbsp;<\/p>\n\n","protected":false},"excerpt":{"rendered":"<p>Bokningen \u00e4r nu \u00f6ppen! INTERNATIONELL EBENEZER-KONFERENS Jerusalem 17 &#8211; 22 november 2024 Ljus i m\u00f6rkret St\u00e5 upp, str\u00e5la, f\u00f6r ditt ljus kommer och Herrens h\u00e4rlighet g\u00e5r upp \u00f6ver dig. Se, m\u00f6rker ska t\u00e4cka jorden och t\u00f6cken folken, men \u00f6ver dig ska Herren g\u00e5 upp, hans h\u00e4rlighet ska uppenbaras \u00f6ver dig. Jesaja 60:1-2 Vi inbjuder dig&hellip;<\/p>\n","protected":false},"author":2,"featured_media":0,"parent":0,"menu_order":0,"comment_status":"closed","ping_status":"closed","template":"","meta":{"footnotes":""},"class_list":["post-99622","page","type-page","status-publish","hentry"],"yoast_head":"<!-- This site is optimized with the Yoast SEO plugin v27.4 - https:\/\/yoast.com\/product\/yoast-seo-wordpress\/ -->\n<title>Internationell Konferens 2024 - Ebenezer Operation Exodus<\/title>\n<meta name=\"robots\" content=\"index, follow, max-snippet:-1, max-image-preview:large, max-video-preview:-1\" \/>\n<link rel=\"canonical\" href=\"https:\/\/ebenezer-oe.org\/sv\/internationell-konferens-2024\/\" \/>\n<meta property=\"og:locale\" content=\"sv_SE\" \/>\n<meta property=\"og:type\" content=\"article\" \/>\n<meta property=\"og:title\" content=\"Internationell Konferens 2024 - Ebenezer Operation Exodus\" \/>\n<meta property=\"og:description\" content=\"Bokningen \u00e4r nu \u00f6ppen! INTERNATIONELL EBENEZER-KONFERENS Jerusalem 17 &#8211; 22 november 2024 Ljus i m\u00f6rkret St\u00e5 upp, str\u00e5la, f\u00f6r ditt ljus kommer och Herrens h\u00e4rlighet g\u00e5r upp \u00f6ver dig. Se, m\u00f6rker ska t\u00e4cka jorden och t\u00f6cken folken, men \u00f6ver dig ska Herren g\u00e5 upp, hans h\u00e4rlighet ska uppenbaras \u00f6ver dig. Jesaja 60:1-2 Vi inbjuder dig&hellip;\" \/>\n<meta property=\"og:url\" content=\"https:\/\/ebenezer-oe.org\/sv\/internationell-konferens-2024\/\" \/>\n<meta property=\"og:site_name\" content=\"Ebenezer Operation Exodus\" \/>\n<meta property=\"article:publisher\" content=\"https:\/\/www.facebook.com\/EbenezerInt\" \/>\n<meta property=\"article:modified_time\" content=\"2024-10-03T16:40:32+00:00\" \/>\n<meta property=\"og:image\" content=\"https:\/\/ebenezeroe.wpengine.com\/wp-content\/uploads\/2023\/05\/item_97480.png\" \/>\n<meta name=\"twitter:card\" content=\"summary_large_image\" \/>\n<meta name=\"twitter:label1\" content=\"Ber\u00e4knad l\u00e4stid\" \/>\n\t<meta name=\"twitter:data1\" content=\"4 minuter\" \/>\n<script type=\"application\/ld+json\" class=\"yoast-schema-graph\">{\"@context\":\"https:\\\/\\\/schema.org\",\"@graph\":[{\"@type\":\"WebPage\",\"@id\":\"https:\\\/\\\/ebenezer-oe.org\\\/sv\\\/internationell-konferens-2024\\\/\",\"url\":\"https:\\\/\\\/ebenezer-oe.org\\\/sv\\\/internationell-konferens-2024\\\/\",\"name\":\"Internationell Konferens 2024 - Ebenezer Operation Exodus\",\"isPartOf\":{\"@id\":\"https:\\\/\\\/ebenezer-oe.org\\\/#website\"},\"primaryImageOfPage\":{\"@id\":\"https:\\\/\\\/ebenezer-oe.org\\\/sv\\\/internationell-konferens-2024\\\/#primaryimage\"},\"image\":{\"@id\":\"https:\\\/\\\/ebenezer-oe.org\\\/sv\\\/internationell-konferens-2024\\\/#primaryimage\"},\"thumbnailUrl\":\"https:\\\/\\\/ebenezeroe.wpengine.com\\\/wp-content\\\/uploads\\\/2023\\\/05\\\/item_97480.png\",\"datePublished\":\"2023-06-01T10:24:49+00:00\",\"dateModified\":\"2024-10-03T16:40:32+00:00\",\"breadcrumb\":{\"@id\":\"https:\\\/\\\/ebenezer-oe.org\\\/sv\\\/internationell-konferens-2024\\\/#breadcrumb\"},\"inLanguage\":\"sv-SE\",\"potentialAction\":[{\"@type\":\"ReadAction\",\"target\":[\"https:\\\/\\\/ebenezer-oe.org\\\/sv\\\/internationell-konferens-2024\\\/\"]}]},{\"@type\":\"ImageObject\",\"inLanguage\":\"sv-SE\",\"@id\":\"https:\\\/\\\/ebenezer-oe.org\\\/sv\\\/internationell-konferens-2024\\\/#primaryimage\",\"url\":\"https:\\\/\\\/ebenezeroe.wpengine.com\\\/wp-content\\\/uploads\\\/2023\\\/05\\\/item_97480.png\",\"contentUrl\":\"https:\\\/\\\/ebenezeroe.wpengine.com\\\/wp-content\\\/uploads\\\/2023\\\/05\\\/item_97480.png\"},{\"@type\":\"BreadcrumbList\",\"@id\":\"https:\\\/\\\/ebenezer-oe.org\\\/sv\\\/internationell-konferens-2024\\\/#breadcrumb\",\"itemListElement\":[{\"@type\":\"ListItem\",\"position\":1,\"name\":\"Home\",\"item\":\"https:\\\/\\\/ebenezer-oe.org\\\/sv\\\/\"},{\"@type\":\"ListItem\",\"position\":2,\"name\":\"Internationell Konferens 2024\"}]},{\"@type\":\"WebSite\",\"@id\":\"https:\\\/\\\/ebenezer-oe.org\\\/#website\",\"url\":\"https:\\\/\\\/ebenezer-oe.org\\\/\",\"name\":\"Ebenezer - Operation Exodus\",\"description\":\"\",\"publisher\":{\"@id\":\"https:\\\/\\\/ebenezer-oe.org\\\/#organization\"},\"potentialAction\":[{\"@type\":\"SearchAction\",\"target\":{\"@type\":\"EntryPoint\",\"urlTemplate\":\"https:\\\/\\\/ebenezer-oe.org\\\/?s={search_term_string}\"},\"query-input\":{\"@type\":\"PropertyValueSpecification\",\"valueRequired\":true,\"valueName\":\"search_term_string\"}}],\"inLanguage\":\"sv-SE\"},{\"@type\":\"Organization\",\"@id\":\"https:\\\/\\\/ebenezer-oe.org\\\/#organization\",\"name\":\"Ebenezer - Operation Exodus\",\"url\":\"https:\\\/\\\/ebenezer-oe.org\\\/\",\"logo\":{\"@type\":\"ImageObject\",\"inLanguage\":\"sv-SE\",\"@id\":\"https:\\\/\\\/ebenezer-oe.org\\\/#\\\/schema\\\/logo\\\/image\\\/\",\"url\":\"https:\\\/\\\/ebenezeroe.wpengine.com\\\/wp-content\\\/uploads\\\/2020\\\/09\\\/Logo_EOE_EN_Colour-Horizontal.png\",\"contentUrl\":\"https:\\\/\\\/ebenezeroe.wpengine.com\\\/wp-content\\\/uploads\\\/2020\\\/09\\\/Logo_EOE_EN_Colour-Horizontal.png\",\"width\":1922,\"height\":928,\"caption\":\"Ebenezer - Operation Exodus\"},\"image\":{\"@id\":\"https:\\\/\\\/ebenezer-oe.org\\\/#\\\/schema\\\/logo\\\/image\\\/\"},\"sameAs\":[\"https:\\\/\\\/www.facebook.com\\\/EbenezerInt\",\"https:\\\/\\\/www.instagram.com\\\/ebenezer_oe_eng\\\/\",\"https:\\\/\\\/www.youtube.com\\\/channel\\\/UC6qGHrKKeamFVz95Vd8LR1g\"]}]}<\/script>\n<!-- \/ Yoast SEO plugin. -->","yoast_head_json":{"title":"Internationell Konferens 2024 - Ebenezer Operation Exodus","robots":{"index":"index","follow":"follow","max-snippet":"max-snippet:-1","max-image-preview":"max-image-preview:large","max-video-preview":"max-video-preview:-1"},"canonical":"https:\/\/ebenezer-oe.org\/sv\/internationell-konferens-2024\/","og_locale":"sv_SE","og_type":"article","og_title":"Internationell Konferens 2024 - Ebenezer Operation Exodus","og_description":"Bokningen \u00e4r nu \u00f6ppen! INTERNATIONELL EBENEZER-KONFERENS Jerusalem 17 &#8211; 22 november 2024 Ljus i m\u00f6rkret St\u00e5 upp, str\u00e5la, f\u00f6r ditt ljus kommer och Herrens h\u00e4rlighet g\u00e5r upp \u00f6ver dig. Se, m\u00f6rker ska t\u00e4cka jorden och t\u00f6cken folken, men \u00f6ver dig ska Herren g\u00e5 upp, hans h\u00e4rlighet ska uppenbaras \u00f6ver dig. Jesaja 60:1-2 Vi inbjuder dig&hellip;","og_url":"https:\/\/ebenezer-oe.org\/sv\/internationell-konferens-2024\/","og_site_name":"Ebenezer Operation Exodus","article_publisher":"https:\/\/www.facebook.com\/EbenezerInt","article_modified_time":"2024-10-03T16:40:32+00:00","og_image":[{"url":"https:\/\/ebenezeroe.wpengine.com\/wp-content\/uploads\/2023\/05\/item_97480.png","type":"","width":"","height":""}],"twitter_card":"summary_large_image","twitter_misc":{"Ber\u00e4knad l\u00e4stid":"4 minuter"},"schema":{"@context":"https:\/\/schema.org","@graph":[{"@type":"WebPage","@id":"https:\/\/ebenezer-oe.org\/sv\/internationell-konferens-2024\/","url":"https:\/\/ebenezer-oe.org\/sv\/internationell-konferens-2024\/","name":"Internationell Konferens 2024 - Ebenezer Operation Exodus","isPartOf":{"@id":"https:\/\/ebenezer-oe.org\/#website"},"primaryImageOfPage":{"@id":"https:\/\/ebenezer-oe.org\/sv\/internationell-konferens-2024\/#primaryimage"},"image":{"@id":"https:\/\/ebenezer-oe.org\/sv\/internationell-konferens-2024\/#primaryimage"},"thumbnailUrl":"https:\/\/ebenezeroe.wpengine.com\/wp-content\/uploads\/2023\/05\/item_97480.png","datePublished":"2023-06-01T10:24:49+00:00","dateModified":"2024-10-03T16:40:32+00:00","breadcrumb":{"@id":"https:\/\/ebenezer-oe.org\/sv\/internationell-konferens-2024\/#breadcrumb"},"inLanguage":"sv-SE","potentialAction":[{"@type":"ReadAction","target":["https:\/\/ebenezer-oe.org\/sv\/internationell-konferens-2024\/"]}]},{"@type":"ImageObject","inLanguage":"sv-SE","@id":"https:\/\/ebenezer-oe.org\/sv\/internationell-konferens-2024\/#primaryimage","url":"https:\/\/ebenezeroe.wpengine.com\/wp-content\/uploads\/2023\/05\/item_97480.png","contentUrl":"https:\/\/ebenezeroe.wpengine.com\/wp-content\/uploads\/2023\/05\/item_97480.png"},{"@type":"BreadcrumbList","@id":"https:\/\/ebenezer-oe.org\/sv\/internationell-konferens-2024\/#breadcrumb","itemListElement":[{"@type":"ListItem","position":1,"name":"Home","item":"https:\/\/ebenezer-oe.org\/sv\/"},{"@type":"ListItem","position":2,"name":"Internationell Konferens 2024"}]},{"@type":"WebSite","@id":"https:\/\/ebenezer-oe.org\/#website","url":"https:\/\/ebenezer-oe.org\/","name":"Ebenezer - Operation Exodus","description":"","publisher":{"@id":"https:\/\/ebenezer-oe.org\/#organization"},"potentialAction":[{"@type":"SearchAction","target":{"@type":"EntryPoint","urlTemplate":"https:\/\/ebenezer-oe.org\/?s={search_term_string}"},"query-input":{"@type":"PropertyValueSpecification","valueRequired":true,"valueName":"search_term_string"}}],"inLanguage":"sv-SE"},{"@type":"Organization","@id":"https:\/\/ebenezer-oe.org\/#organization","name":"Ebenezer - Operation Exodus","url":"https:\/\/ebenezer-oe.org\/","logo":{"@type":"ImageObject","inLanguage":"sv-SE","@id":"https:\/\/ebenezer-oe.org\/#\/schema\/logo\/image\/","url":"https:\/\/ebenezeroe.wpengine.com\/wp-content\/uploads\/2020\/09\/Logo_EOE_EN_Colour-Horizontal.png","contentUrl":"https:\/\/ebenezeroe.wpengine.com\/wp-content\/uploads\/2020\/09\/Logo_EOE_EN_Colour-Horizontal.png","width":1922,"height":928,"caption":"Ebenezer - Operation Exodus"},"image":{"@id":"https:\/\/ebenezer-oe.org\/#\/schema\/logo\/image\/"},"sameAs":["https:\/\/www.facebook.com\/EbenezerInt","https:\/\/www.instagram.com\/ebenezer_oe_eng\/","https:\/\/www.youtube.com\/channel\/UC6qGHrKKeamFVz95Vd8LR1g"]}]}},"_links":{"self":[{"href":"https:\/\/ebenezer-oe.org\/sv\/wp-json\/wp\/v2\/pages\/99622","targetHints":{"allow":["GET"]}}],"collection":[{"href":"https:\/\/ebenezer-oe.org\/sv\/wp-json\/wp\/v2\/pages"}],"about":[{"href":"https:\/\/ebenezer-oe.org\/sv\/wp-json\/wp\/v2\/types\/page"}],"author":[{"embeddable":true,"href":"https:\/\/ebenezer-oe.org\/sv\/wp-json\/wp\/v2\/users\/2"}],"replies":[{"embeddable":true,"href":"https:\/\/ebenezer-oe.org\/sv\/wp-json\/wp\/v2\/comments?post=99622"}],"version-history":[{"count":0,"href":"https:\/\/ebenezer-oe.org\/sv\/wp-json\/wp\/v2\/pages\/99622\/revisions"}],"wp:attachment":[{"href":"https:\/\/ebenezer-oe.org\/sv\/wp-json\/wp\/v2\/media?parent=99622"}],"curies":[{"name":"wp","href":"https:\/\/api.w.org\/{rel}","templated":true}]}}